{"id":33422,"date":"2017-07-21T15:08:27","date_gmt":"2017-07-21T18:08:27","guid":{"rendered":"http:\/\/catolicanet.net\/wp-cnet\/?page_id=33422"},"modified":"2017-07-27T11:10:24","modified_gmt":"2017-07-27T14:10:24","slug":"padre-cicero","status":"publish","type":"page","link":"https:\/\/catolicanet.net\/wp-cnet\/268-2\/padre-cicero\/","title":{"rendered":"Padre C\u00edcero"},"content":{"rendered":"<div id=\"td_uid_1_69f5cb591b81f\" class=\"tdc-row\"><div class=\"vc_row td_uid_1_69f5cb591b828_rand  wpb_row td-pb-row\" ><div class=\"vc_column td_uid_2_69f5cb591ba5e_rand  wpb_column vc_column_container tdc-column td-pb-span12\"><div class=\"wpb_wrapper\">[vc_custom_heading source=&#8221;post_title&#8221; font_container=&#8221;tag:h1|text_align:center&#8221; google_fonts=&#8221;font_family:Merienda%3Aregular%2C700|font_style:400%20regular%3A400%3Anormal&#8221;]<\/div><\/div><\/div><\/div>\n\t\t\t<script>\n\n\t\t\t\tjQuery(window).load(function () {\n\t\t\t\t\tjQuery('body').find('#td_uid_1_69f5cb591b81f .td-element-style').each(function (index, element) {\n\t\t\t\t\t\tjQuery(element).css('opacity', 1);\n\t\t\t\t\t\treturn;\n\t\t\t\t\t});\n\t\t\t\t});\n\n\t\t\t<\/script>\n\n\t\t\n\t\t\t<script>\n\n\t\t\t\tjQuery(window).ready(function () {\n\n\t\t\t\t\t\/\/ We need timeout because the content must be rendered and interpreted on client\n\t\t\t\t\tsetTimeout(function () {\n\n\t\t\t\t\t\tvar $content = jQuery('body').find('#tdc-live-iframe'),\n\t\t\t\t\t\t\trefWindow = undefined;\n\n\t\t\t\t\t\tif ($content.length) {\n\t\t\t\t\t\t\t$content = $content.contents();\n\t\t\t\t\t\t\trefWindow = document.getElementById('tdc-live-iframe').contentWindow || document.getElementById('tdc-live-iframe').contentDocument;\n\n\t\t\t\t\t\t} else {\n\t\t\t\t\t\t\t$content = jQuery('body');\n\t\t\t\t\t\t\trefWindow = window;\n\t\t\t\t\t\t}\n\n\t\t\t\t\t\t$content.find('#td_uid_1_69f5cb591b81f .td-element-style').each(function (index, element) {\n\t\t\t\t\t\t\tjQuery(element).css('opacity', 1);\n\t\t\t\t\t\t\treturn;\n\t\t\t\t\t\t});\n\t\t\t\t\t});\n\n\t\t\t\t}, 200);\n\t\t\t<\/script>\n\n\t\t\t<div id=\"td_uid_3_69f5cb591bac1\" class=\"tdc-row\"><div class=\"vc_row td_uid_3_69f5cb591bac3_rand  wpb_row td-pb-row\" ><div class=\"vc_column td_uid_4_69f5cb591bb78_rand  wpb_column vc_column_container tdc-column td-pb-span4\"><div class=\"wpb_wrapper\"><div class=\"wpb_wrapper td_block_single_image td_block_wrap  td-no-img-custom-url vc_single_image td_uid_5_69f5cb591bcb6_rand  td-single-image-\"><a class=\"tdm-mobile-full\" style=\"background-image: url('https:\/\/catolicanet.net\/wp-cnet\/wp-content\/uploads\/CiceroMaria.png'); height: 500px; background-size: cover; background-repeat: no-repeat; background-position: center center;\" href=\"#\"  rel=\"bookmark\"><\/a><\/div><\/div><\/div><div class=\"vc_column td_uid_6_69f5cb591c067_rand  wpb_column vc_column_container tdc-column td-pb-span8\"><div class=\"wpb_wrapper\"><div class=\"wpb_wrapper td_block_empty_space td_block_wrap vc_empty_space td_uid_7_69f5cb591c113_rand \"  style=\"height: 32px\"><\/div><div class=\"wpb_wrapper wpb_text_column td_block_wrap td_block_wrap vc_column_text td_uid_8_69f5cb591c13c_rand  td-pb-border-top td_block_template_1\"  data-td-block-uid=\"td_uid_8_69f5cb591c13c\" \"><div class=\"td-block-title-wrap\"><\/div><div class=\"td-fix-index\"><p align=\"left\">Padre C\u00edcero Rom\u00e3o Batista<\/p>\n<p align=\"left\">Nascimento:24 de mar\u00e7o de 1844<\/p>\n<p align=\"left\">Morte: 20 de julho de 1934<\/p>\n<p align=\"justify\">Padre C\u00edcero Rom\u00e3o Batista nasceu em Crato (Cear\u00e1) no dia 24 de mar\u00e7o de 1844. Era filho de Joaquim Rom\u00e3o Batista e Joaquina Vic\u00eancia Romana, conhecida como dona Quin\u00f4.\u00a0Aos seis anos de idade, come\u00e7ou a estudar com o Prof. Rufino de Alc\u00e2ntara Montezuma.\u00a0Um fato importante marcou a sua inf\u00e2ncia: o voto de castidade, feito aos 12 anos, influenciado pela leitura da vida de S\u00e3o Francisco de Sales.<\/p>\n<\/div><\/div><\/div><\/div><\/div><\/div>\n\t\t\t<script>\n\n\t\t\t\tjQuery(window).load(function () {\n\t\t\t\t\tjQuery('body').find('#td_uid_3_69f5cb591bac1 .td-element-style').each(function (index, element) {\n\t\t\t\t\t\tjQuery(element).css('opacity', 1);\n\t\t\t\t\t\treturn;\n\t\t\t\t\t});\n\t\t\t\t});\n\n\t\t\t<\/script>\n\n\t\t\n\t\t\t<script>\n\n\t\t\t\tjQuery(window).ready(function () {\n\n\t\t\t\t\t\/\/ We need timeout because the content must be rendered and interpreted on client\n\t\t\t\t\tsetTimeout(function () {\n\n\t\t\t\t\t\tvar $content = jQuery('body').find('#tdc-live-iframe'),\n\t\t\t\t\t\t\trefWindow = undefined;\n\n\t\t\t\t\t\tif ($content.length) {\n\t\t\t\t\t\t\t$content = $content.contents();\n\t\t\t\t\t\t\trefWindow = document.getElementById('tdc-live-iframe').contentWindow || document.getElementById('tdc-live-iframe').contentDocument;\n\n\t\t\t\t\t\t} else {\n\t\t\t\t\t\t\t$content = jQuery('body');\n\t\t\t\t\t\t\trefWindow = window;\n\t\t\t\t\t\t}\n\n\t\t\t\t\t\t$content.find('#td_uid_3_69f5cb591bac1 .td-element-style').each(function (index, element) {\n\t\t\t\t\t\t\tjQuery(element).css('opacity', 1);\n\t\t\t\t\t\t\treturn;\n\t\t\t\t\t\t});\n\t\t\t\t\t});\n\n\t\t\t\t}, 200);\n\t\t\t<\/script>\n\n\t\t\t<div id=\"td_uid_8_69f5cb5934b5a\" class=\"tdc-row\"><div class=\"vc_row td_uid_9_69f5cb5934b63_rand  wpb_row td-pb-row\" ><div class=\"vc_column td_uid_10_69f5cb5934e97_rand  wpb_column vc_column_container tdc-column td-pb-span12\"><div class=\"wpb_wrapper\"><div class=\"wpb_wrapper wpb_text_column td_block_wrap td_block_wrap vc_column_text td_uid_11_69f5cb593508c_rand  td-pb-border-top td_block_template_1\"  data-td-block-uid=\"td_uid_11_69f5cb593508c\" \"><div class=\"td-block-title-wrap\"><\/div><div class=\"td-fix-index\"><p style=\"text-align: justify;\">Em 1860, foi matriculado no Col\u00e9gio do renomado Padre In\u00e1cio de Sousa Rolim, em Cajazeiras &#8211; Para\u00edba. A\u00ed pouco demorou, pois, a inesperada morte de seu pai, v\u00edtima de <em>c\u00f3lera-morbo<\/em>, em 1862, o obrigou a interromper os estudos e voltar para junto da m\u00e3e e das irm\u00e3s solteiras.<br \/>\nA morte do pai, que era pequeno comerciante no Crato, trouxe s\u00e9rios aperreios financeiros \u00e0 fam\u00edlia, de tal sorte que, mais tarde, em 1865, quando C\u00edcero Rom\u00e3o Batista precisou ingressar no Semin\u00e1rio de Fortaleza, s\u00f3 o fez gra\u00e7as \u00e0 ajuda de seu padrinho de crisma, o coronel Ant\u00f4nio Luiz Alves Pequeno.<\/p>\n<\/div><\/div><div class=\"wpb_wrapper td_block_empty_space td_block_wrap vc_empty_space td_uid_12_69f5cb5935427_rand \"  style=\"height: 32px\"><\/div>[vc_toggle title=&#8221;Biografia&#8221; el_id=&#8221;1500658693467-08b0d8da-b814&#8243;]\r\n<p align=\"left\">Padre C\u00edcero Rom\u00e3o Batista<\/p>\r\n<p align=\"left\">Nascimento:24 de mar\u00e7o de 1844<\/p>\r\n<p align=\"left\">Morte: 20 de julho de 1934<\/p>\r\n<p style=\"text-align: center;\" align=\"center\"><strong>Biografia<\/strong><\/p>\r\n<p style=\"text-align: justify;\" align=\"justify\">Padre C\u00edcero Rom\u00e3o Batista nasceu em Crato (Cear\u00e1) no dia 24 de mar\u00e7o de 1844. Era filho de Joaquim Rom\u00e3o Batista e Joaquina Vic\u00eancia Romana, conhecida como dona Quin\u00f4.\u00a0Aos seis anos de idade, come\u00e7ou a estudar com o Prof. Rufino de Alc\u00e2ntara Montezuma.\u00a0Um fato importante marcou a sua inf\u00e2ncia: o voto de castidade, feito aos 12 anos, influenciado pela leitura da vida de S\u00e3o Francisco de Sales.\r\nEm 1860, foi matriculado no Col\u00e9gio do renomado Padre In\u00e1cio de Sousa Rolim, em Cajazeiras &#8211; Para\u00edba. A\u00ed pouco demorou, pois, a inesperada morte de seu pai, v\u00edtima de <em>c\u00f3lera-morbo<\/em>, em 1862, o obrigou a interromper os estudos e voltar para junto da m\u00e3e e das irm\u00e3s solteiras.\r\nA morte do pai, que era pequeno comerciante no Crato, trouxe s\u00e9rios aperreios financeiros \u00e0 fam\u00edlia, de tal sorte que, mais tarde, em 1865, quando C\u00edcero Rom\u00e3o Batista precisou ingressar no Semin\u00e1rio de Fortaleza, s\u00f3 o fez gra\u00e7as \u00e0 ajuda de seu padrinho de crisma, o coronel Ant\u00f4nio Luiz Alves Pequeno.<\/p>\r\n<p style=\"text-align: justify;\" align=\"justify\"><strong>ORDENA\u00c7\u00c3O<\/strong><\/p>\r\n<p style=\"text-align: justify;\" align=\"justify\">Padre C\u00edcero foi ordenado no dia 30 de novembro de 1870. Ap\u00f3s sua ordena\u00e7\u00e3o retomou ao Crato, e enquanto o bispo n\u00e3o lhe dava par para administrar, ficou do Latim no Col\u00e9gio Padre Ibiapina, fundado e dirigido pelo Prof. Jos\u00e9 Joaquim Teles Marrocos, seu primo e grande amigo.<\/p>\r\n<p style=\"text-align: justify;\" align=\"justify\"><strong>CHEGADA A JUAZEIRO<\/strong><\/p>\r\n<p style=\"text-align: justify;\" align=\"justify\">No Natal de 1871, convidado pelo Prof. Seme\u00e3o Correia de Mac\u00eado, Padre C\u00edcero visitou pela primeira vez o povoado de Juazeiro (ent\u00e3o pertencente a Crato), e a\u00ed celebrou a tradicional <em>missa do galo.<\/em>\r\nO padre visitante, de 28 anos de idade, estatura baixa. pele branca, cabelos louros, olhos azuis penetrantes e voz modulada impressionou os habitantes do lugar. E a rec\u00edproca foi verdadeira. Por isso, decorridos alguns meses, exatamente no dia 11 de abril de 1872, l\u00e1 estava, de volta, com bagagem e fam\u00edlia, para fixar resid\u00eancia definitiva no Juazeiro.\r\nMuitos livros afirmam que Padre C\u00edcero resolveu fixar morada em Juazeiro devido a um sonho (ou vis\u00e3o) que teve, segundo o qual, certa vez, ao anoitecer de um dia exaustivo, ap\u00f3s ter passado horas a fio a confessar as pessoas do arraial, ele procurou descansar no quarto cont\u00edguo \u00e0 sala de aulas da escolinha, onde improvisaram seu alojamento, quando caiu no sono e a vis\u00e3o que mudaria seu destino se revelou. Ele viu, conforme relatou aos amigos \u00edntimos, Jesus Cristo e os doze ap\u00f3stolos sentados \u00e0 mesa, numa disposi\u00e7\u00e3o que lembra a \u00faltima Ceia, de Leonardo da Vinci. De repente, adentra ao local uma multid\u00e3o de pessoas carregando seus parcos pertences em pequenas trouxas, a exemplo dos retirantes nordestinos. Cristo, virando-se para os famintos, falou da sua decep\u00e7\u00e3o com a humanidade, mas disse estar disposto ainda a fazer um \u00faltimo sacrif\u00edcio para salvar o mundo. Por\u00e9m, se os homens n\u00e3o se arrependessem depressa, Ele acabaria com tudo de uma vez. Naquele momento, Ele apontou para os pobres e, voltando-se inesperadamente ordenou: E voc\u00ea, Padre C\u00edcero, tome conta deles!<\/p>\r\n<p style=\"text-align: justify;\" align=\"justify\"><strong>APOSTOLADO<\/strong><\/p>\r\n<p style=\"text-align: justify;\" align=\"justify\">Uma vez instalado, formado por um pequeno aglomerado de casas de taipa e uma capelinha erigida pelo primeiro capel\u00e3o Padre Pedro Ribeiro de Carvalho, em honra a N\u00aa S\u00aa das Dores, Padroeira do lugar, ele tratou inicialmente de melhorar o aspecto da capelinha, adquirindo v\u00e1rias imagens com as esmolas dadas pelos fi\u00e9is.\r\nDepois, tocado pelo ardente desejo de conquistar o povo que lhe fora confiado por Deus, desenvolveu intenso trabalho pastoral com prega\u00e7\u00e3o, conselhos e visitas domiciliares, como nunca se tinha visto na regi\u00e3o. Dessa maneira, rapidamente ganhou a simpatia dos habitantes, passando a exercer grande lideran\u00e7a na comunidade.\r\nParalelamente, agindo com muita austeridade, cuidou de moralizar os costumes da popula\u00e7\u00e3o, acabando pessoalmente com os excessos de bebedeira e a prostitui\u00e7\u00e3o.\r\nRestaurada a harmonia, o povoado experimentou, ent\u00e3o, os passos de crescimento, atraindo gente da vizinhan\u00e7a curiosa por conhecer o novo capel\u00e3o.\r\nPara auxili\u00e1-lo no trabalho pastoral, Padre C\u00edcero resolveu, a exemplo do que fizera Padre Ibiapina, famoso mission\u00e1rio nordestino, falecido em 1883, recrutar mulheres solteiras e vi\u00favas para a organiza\u00e7\u00e3o de uma irmandade leiga, formada por <em>beatas<\/em>, sob sua inteira autoridade.<\/p>\r\n<p style=\"text-align: justify;\" align=\"justify\"><strong>MILAGRE<\/strong><\/p>\r\n<p style=\"text-align: justify;\" align=\"justify\">Um fato fora do comum, acontecido em 10 de mar\u00e7o de 1889, transformou a rotina do lugarejo e a vida de Padre C\u00edcero para sempre.\r\nNaquela data, ao participar de uma comunh\u00e3o geral, oficiada por ele, na capela de Nossa Senhora das Dores, a beata Maria de Ara\u00fajo ao receber a h\u00f3stia consagrada, n\u00e3o p\u00f4de degluti-la pois a mesma transformara-se em sangue.\r\nO fato repetiu-se outras vezes, e o povo achou que se tratava de derramamento do sangue de Jesus Cristo e, portanto, um milagre aut\u00eantico.\r\nAs toalhas com as quais se limpava a boca da beata ficaram manchadas de sangue e passaram a ser alvo da venera\u00e7\u00e3o de todos.<\/p>\r\n<p style=\"text-align: justify;\" align=\"justify\"><strong>REA\u00c7\u00c3O DA IGREJA<\/strong><\/p>\r\n<p style=\"text-align: justify;\" align=\"justify\">De in\u00edcio, Padre C\u00edcero tratou o caso com cautela, guardando sigilo por algum tempo. Os m\u00e9dicos Marcos Madeira e Idelfonso Correia Lima e o farmac\u00eautico Joaquim Secundo Chaves foram convidados para testemunhar as transforma\u00e7\u00f5es, e depois assinaram atestado afirmando que o fato era inexplic\u00e1vel \u00e0 luz da ci\u00eancia. Isto contribuiu para fortalecer no povo, no Padre C\u00edcero e em outros sacerdotes a cren\u00e7a no milagre.\r\nO povoado passou a ser alvo de peregrina\u00e7\u00e3o: as pessoas queriam ver a beata e adorar os panos manchados de sangue.\r\nO professor e jornalista Jos\u00e9 Marrocos, desde o come\u00e7o um ardoroso defensor do milagre, cuidou de divulg\u00e1-lo pela imprensa.\r\nA not\u00edcia chegou ao conhecimento do bispo D. Joaquim Jos\u00e9 Vieira, irritando-o profundamente. Padre C\u00edcero foi chamado ao Pal\u00e1cio Episcopal, em Fortaleza, a fim de prestar esclarecimentos sobre os acontecimentos que todo mundo comentava.\r\nInicialmente, o bispo ficou admirado com o relato feito por Padre C\u00edcero, por\u00e9m depois, pressionado por alguns segmentos da Igreja que n\u00e3o aceitavam a id\u00e9ia de milagre, mandou investigar oficialmente os fatos, nomeando uma Comiss\u00e3o de Inqu\u00e9rito composta por dois sacerdotes de reconhecida compet\u00eancia: Padres Clic\u00e9rio da Costa Lobo e Francisco Pereira Antero.\r\nOs padres comiss\u00e1rios, vieram, assistiram as transforma\u00e7\u00f5es, examinaram a beata, ouviram testemunhas e depois conclu\u00edram que o fato era mesmo divino. O bispo n\u00e3o gostou desse resultado e nomeou outra Comiss\u00e3o, constitu\u00edda pelos Padres Ant\u00f4nio Alexandrino de Alencar e Manoel C\u00e2ndido.\r\nA nova Comiss\u00e3o agiu rapidamente. Convocou a beata, deu-lhe a comunh\u00e3o, e como nada de extraordin\u00e1rio aconteceu, concluiu: n\u00e3o houve milagre!\r\nO povo, Jos\u00e9 Marrocos, Padre C\u00edcero e todos os outros padres que acreditavam no milagre protestaram.\r\nCom a posi\u00e7\u00e3o contr\u00e1ria do bispo, criou-se um tumulto, agravado quando o Relat\u00f3rio do Inqu\u00e9rito foi enviado \u00e0 Santa S\u00e9, em Roma, e esta confirmou a decis\u00e3o tomada pelo bispo. Todos os padres que acreditavam no milagre foram obrigados a se retratar publicamente, ficando reservada ao Padre C\u00edcero uma puni\u00e7\u00e3o maior: a suspens\u00e3o de ordem.\r\nDurante toda sua vida ele tentou revogar essa pena, todavia, foi em v\u00e3o. Ali\u00e1s, ele at\u00e9 que conseguiu uma vit\u00f3ria em Roma, quando l\u00e1 esteve em 1898. Entretanto, o bispo, por intransig\u00eancia, manteve a posi\u00e7\u00e3o.<\/p>\r\n<p style=\"text-align: justify;\" align=\"justify\"><strong>VIDA POL\u00cdTICA<\/strong><\/p>\r\n<p style=\"text-align: justify;\" align=\"justify\">Proibido de celebrar, Padre C\u00edcero ingressou na vida pol\u00edtica. Como explicou no seu Testamento, o fez para atender aos insistentes apelos dos amigos e na hora em que os juazeirenses esbo\u00e7avam o movimento de emancipa\u00e7\u00e3o pol\u00edtica.\r\nConseguida a independ\u00eancia de Juazeiro, em 22 de julho de 1911, Padre C\u00edcero foi eleito Prefeito do rec\u00e9m-criado munic\u00edpio. Al\u00e9m de Prefeito, tamb\u00e9m ocupou a Vice-Presid\u00eancia do Cear\u00e1. Sobre sua participa\u00e7\u00e3o na Revolu\u00e7\u00e3o de 1914 ele afirmou categoricamente que a chefia do movimento coube ao Dr. Floro Bartolomeu da Costa, seu grande amigo. A Revolu\u00e7\u00e3o de 1914 foi planejada pelo Governo Federal com o objetivo de depor o Presidente do Cear\u00e1 Cel. Franco Rabelo. Com a vit\u00f3ria da Revolu\u00e7\u00e3o, Padre C\u00edcero reassumiu o cargo de Prefeito, do qual havia sido retirado pelo governo deposto, e seu prest\u00edgio, cresceu. Sua casa, antes visitada apenas por romeiros, passou a ser procurada tamb\u00e9m por pol\u00edticos e autoridades diversas.\r\nEra muito grande o volume de correspond\u00eancias que Padre C\u00edcero recebia e mandava. N\u00e3o deixava nenhuma carta, mesmo pequenos bilhetes, sem resposta, e de tudo guardava c\u00f3pia.\r\nCom respeito a Lampi\u00e3o, Padre C\u00edcero o viu apenas um vez, em 1926. Aconselhou-o a deixar o canga\u00e7o, e nunca lhe deu a patente de Capit\u00e3o, como foi dito em alguns livros.<\/p>\r\n<p style=\"text-align: justify;\" align=\"justify\"><strong>IMPORT\u00c2NCIA<\/strong><\/p>\r\n<p style=\"text-align: justify;\" align=\"justify\">Padre C\u00edcero \u00e9 o maior benfeitor de Juazeiro e a figura, mais importante de sua hist\u00f3ria. Foi ele quem trouxe para Juazeiro as Ordens dos Salesianos e dos Capuchinhos; doou os terrenos para constru\u00e7\u00e3o do primeiro campo de futebol e do aeroporto; construiu as capelas do Socorro, de S\u00e3o Vicente, de S\u00e3o Miguel e a Igreja de N\u00aa S\u00aa das Dores; incentivou a funda\u00e7\u00e3o do primeiro jornal local (O Rebate); fundou a Associa\u00e7\u00e3o dos Empregados do Com\u00e9rcio e o Apostolado da Ora\u00e7\u00e3o; realizou a primeira exposi\u00e7\u00e3o da arte juazeirense no Rio de Janeiro; incentivou e dinamizou o artesanato art\u00edstico e utilit\u00e1rio, como fonte de renda; incentivou a instala\u00e7\u00e3o do ramo de ourivesaria; estimulou a expans\u00e3o da agricultura, introduzindo o plantio de novas culturas; contribuiu para instala\u00e7\u00e3o de muitas escolas, inclusive a famosa Escola Normal Rural e o Orfanato Jesus Maria Jos\u00e9; socorreu a popula\u00e7\u00e3o durante as secas e epidemias, prestando-lhe toda assist\u00eancia e, finalmente, projetou Juazeiro no cen\u00e1rio pol\u00edtico nacional, transformando um pequeno lugarejo na maior e mais importante cidade do interior cearense.\r\nOs bens que recebeu por doa\u00e7\u00e3o, durante sua quase secular exist\u00eancia, foram doados \u00e0 Igreja, sendo os Salesianos seus maiores herdeiros.\r\nAo morrer, no dia 20 de julho de 1934, aos 90 anos, seus inimigos gratuitos apregoaram que, morto o \u00eddolo, a cidade que ele fundou e a devo\u00e7\u00e3o \u00e0 sua pessoa acabariam logo. Enganaram-se. A cidade prosperou e a devo\u00e7\u00e3o aumentou. At\u00e9 hoje, todo ano, religiosamente, no Dia de Finados, uma. grande multid\u00e3o de romeiros, vindos dos mais distantes locais do Nordeste, chega a Juazeiro para uma visita ao seu t\u00famulo, na Capela do Socorro.\r\nPadre C\u00edcero \u00e9 uma das figuras mais biografadas do mundo. Sobre ele, existem mais de duzentos livros, sem falar nos artigos que s\u00e3o publicados freq\u00fcentemente na imprensa. Ultimamente sua vida vem sendo estudada por cientistas sociais do Brasil e do exterior.\r\nN\u00e3o foi canonizado pela Igreja, por\u00e9m \u00e9 tido como santo por sua imensa legi\u00e3o de fi\u00e9is espalhados pelo Brasil.\r\nO bin\u00f4mio ora\u00e7\u00e3o e trabalho era o seu lema. E Juazeiro \u00e9 o seu grande e incontest\u00e1vel milagre.<\/p>\r\n[\/vc_toggle][vc_toggle title=&#8221;Voc\u00ea Sabia?&#8221; el_id=&#8221;1500658693767-31124231-cfc6&#8243;]\r\n<p style=\"text-align: justify;\"><span style=\"color: #000000;\">&#8230;que sobre Padre C\u00edcero j\u00e1 foram editadas centenas de livros e folhetos de cordel, al\u00e9m de in\u00fameras reportagens em jornais e revistas de circula\u00e7\u00e3o nacional e internacional, bem como document\u00e1rios de televis\u00e3o (SBT, MANCHETE, GLOBO, BANDEIRANTES, etc), filmes e pe\u00e7as de teatro. Ultimamente tem sido alvo de estudos por parte de pesquisadores de universidades do Brasil e do Exterior, de onde t\u00eam sa\u00eddo diversas disserta\u00e7\u00f5es de mestrado e teses de doutorado?\r\n<\/span><span style=\"color: #000000;\">&#8230;que um grande sonho marcou a sua vida e \u00e9 apontado por muitos como a causa que determinou a sua ida para Juazeiro? Conforme esse sonho, por ele mesmo relatado a amigos \u00edntimos, certa vez, ao anoitecer de um dia exaustivo, ap\u00f3s ter passado horas a fio confessando pessoas, no humilde povoado de Juazeiro, onde estava atendendo convite para celebrar a Missa de Natal, ele procurou descansar no quarto vizinho \u00e0 sala de aula da escolinha, onde improvisaram um alojamento, quando caiu no sono e a vis\u00e3o que mudaria seu destino se revelou. Ele viu Jesus Cristo e os doze ap\u00f3stolos sentados \u00e0 mesa, numa disposi\u00e7\u00e3o que lembra a \u00daltima Ceia, de Leonardo da Vinci. De repente, o local \u00e9 invadido por uma multid\u00e3o de sertanejos famintos, conduzindo seus m\u00edseros pertences em pequenas trouxas. Ent\u00e3o Jesus Cristo, virando-se para os famintos, falou da sua decep\u00e7\u00e3o com a humanidade, dizendo, por\u00e9m, que ainda estava disposto a fazer um \u00faltimo sacrif\u00edcio para salvar o mundo. Entretanto, se os homens n\u00e3o se arrependessem depressa, Ele acabaria com tudo de uma vez. Naquele momento, Cristo, apontando para os famintos, falou: E voc\u00ea, Padre C\u00edcero, tome conta deles.\r\n<\/span><span style=\"color: #000000;\">&#8230;que foi ele quem trouxe para Juazeiro a Congrega\u00e7\u00e3o Salesiana; construiu as Capelas do Socorro, de S\u00e3o Vicente, de S\u00e3o Miguel e a Igreja de Nossa Senhora das Dores; incentivou a funda\u00e7\u00e3o do Jornal O Rebate (O primeiro de Juazeiro; fundou a Associa\u00e7\u00e3o dos Empregados do Com\u00e9rcio; dinamizou o artesanato como fonte de renda; incentivou a instala\u00e7\u00e3o do ramo de ourivesaria; contribuiu para instala\u00e7\u00e3o de muitas escolas, entre as quais a famosa Escola Normal Rural (a primeira do Brasil).\r\n<\/span><span style=\"color: #000000;\">&#8230;que recebeu o t\u00edtulo de Doutor, conferido pela Escola Livre de Engenharia do Rio de Janeiro.\r\n<\/span><span style=\"color: #000000;\">&#8230;que rejeitou o que mais ambicionava na vida &#8211; a reabilita\u00e7\u00e3o de suas ordens &#8211; para n\u00e3o deixar de morar em Juazeiro, conforme a proposta que lhe foi feita pelo bispo Dom Quintino. Prevaleceu seu amor a Juazeiro e aos romeiros.\r\n<\/span><span style=\"color: #000000;\">&#8230;que Padre C\u00edcero foi o Primeiro Prefeito de Juazeiro. Tamb\u00e9m foi o primeiro Prefeito de Juazeiro a ser deposto do cargo, por quest\u00f5es pol\u00edticas?\r\n<\/span><span style=\"color: #000000;\">&#8230;que era filiado ao Partido Republicano Conservador &#8211; PRC &#8211; Cear\u00e1?\r\n<\/span>.<span style=\"color: #000000;\">..que sua primeira miss\u00e3o eclesi\u00e1stica, depois de ordenado, em 1870, foi no distrito de Trairi, ent\u00e3o pertencente \u00e0 Freguesia de Parazinho, atual Paracuru, Cear\u00e1, onde demorou dois meses?\r\n<\/span><span style=\"color: #000000;\">&#8230;que era nacionalista confesso, m\u00edstico, carism\u00e1tico, vision\u00e1rio e bom conselheiro?\r\n<\/span><span style=\"color: #000000;\">&#8230;que salvo raras exce\u00e7\u00f5es, no Nordeste as pessoas chamadas de C\u00edcero ou C\u00edcera t\u00eam estes nomes como homenagem a ele, geralmente como pagamento de promessa?\r\n<\/span><span style=\"color: #000000;\">&#8230;que houve um tempo em que os padres n\u00e3o podiam batizar crian\u00e7as com o nome de C\u00edcero, porque o Bispo de Olinda, Pernambuco, Dom Lu\u00eds de Brito, em 26 de fevereiro de 1910, publicou uma Circular recomendando que os vig\u00e1rios n\u00e3o aceitassem tal nome, que era sinal de arraigado fanatismo?<\/span>.\r\n.<span style=\"color: #000000;\">..que mensalmente, no dia 20, desde a sua morte, em 1934, \u00e9 celebrada missa em sufr\u00e1gio de sua alma na Capela do Socorro, em Juazeiro, onde foi sepultado, \u00e0 qual comparece sempre uma imensa multid\u00e3o vestindo, em sua maioria, roupa preta, em sinal de luto. Que essa missa \u00e9 celebrada em atendimento a um pedido feito por ele em seu testamento?\r\n<\/span><span style=\"color: #000000;\">&#8230;que foi ele que introduziu no Nordeste, o h\u00e1bito de usar no pesco\u00e7o o ros\u00e1rio da M\u00e3e de Deus, costume ainda hoje largamente usado n\u00e3o somente pelos romeiros, mas tamb\u00e9m por gente de todas as classes sociais?\r\n<\/span><span style=\"color: #000000;\">&#8230;que gostava de ler livros sobre ci\u00eancias ocultas e isto foi um dos motivos pelos quais o Reitor do Semin\u00e1rio da Prainha de Fortaleza quis impedir sua ordena\u00e7\u00e3o?\r\n<\/span><span style=\"color: #000000;\">&#8230;que o Padre C\u00edcero tinha pele alva, cabelos louros, olhos azuis pequeninos, nariz adunco, discreto prognatismo, voz modulada e firme altura: 1,60m?\r\n<\/span><span style=\"color: #000000;\">&#8230;que o Padre C\u00edcero tinha o h\u00e1bito de dormir a cavalo, sobre a sela, quando fazia excurs\u00f5es atrav\u00e9s das cidades do Cariri?\r\n<\/span><span style=\"color: #000000;\">&#8230;que certa vez, ao censurar delicadamente um colega de batina que contra\u00edra o v\u00edcio do \u00e1lcool, fora por este sacrificado pelo fato de ser grande tabaquista e que isto foi o suficiente para deixar definitivamente de fumar?\r\n<\/span><span style=\"color: #000000;\">&#8230;que logo que chegou ao povoado de Juazeiro, como Capel\u00e3o, procurou moralizar os costumes reinantes no lugar, acabando pessoalmente com as rodas de samba e cacha\u00e7a?\r\n<\/span><span style=\"color: #000000;\">&#8230;que quando o professor Miguel Couto disse que os dist\u00farbios renais de que Padre C\u00edcero padecia provinham da \u00e1gua de Juazeiro, ele passou a beber somente \u00e1gua de coco e ch\u00e1?\r\n<\/span><span style=\"color: #000000;\">&#8230;que o Padre C\u00edcero \u00e9 chamado de Meu Padrim. As pessoas que trabalhavam em sua casa o chamava de Seu Padre, exce\u00e7\u00e3o da beata Mocinha (Joana Tertulina de Jesus) que geralmente o chamava pelo t\u00edtulo de Padre?\r\n<\/span><span style=\"color: #000000;\">&#8230;que aos 82 anos de idade Padre C\u00edcero foi eleito Deputado Federal, mas n\u00e3o assumiu a vaga?<\/span><\/p>\r\n[\/vc_toggle][vc_toggle title=&#8221;Beata Maria de Ara\u00fajo&#8221; el_id=&#8221;1500658694161-9d8761d9-7c50&#8243;]\r\n<div style=\"text-align: justify;\">\r\n\r\n<strong>O Padre C\u00edcero explica o Milagre:<\/strong>\r\n\r\n&#8220;Quando dei \u00e0 beata Maria de Ara\u00fajo a Sagrada Forma, logo que a depositei na boca, imediatamente transformou-se em por\u00e7\u00e3o de sangue, que uma parte engoliu, servindo-lhe de comunh\u00e3o, e outra correu pela toalha, caindo algum no ch\u00e3o; eu n\u00e3o esperava e, vexado para continuar com as confiss\u00f5es interrompidas que eram muitas ainda, n\u00e3o prestei aten\u00e7\u00e3o e por isso n\u00e3o apreendi o fato na ocasi\u00e3o em que se deu; por\u00e9m, depois que depositei a \u00e2mbula no sacr\u00e1rio, e vou descendo, ela vem entender-se comigo, cheia de afli\u00e7\u00e3o e vexame de morte, trazendo a toalha dobrada, para que n\u00e3o vissem, e levantava a m\u00e3o esquerda, onde nas costas havia ca\u00eddo um pouco e corria um fio pelo bra\u00e7o, e ela com temor de tocar com a outra m\u00e3o naquele sangue, como certa de que era a mesma h\u00f3stia, conservava um certo equil\u00edbrio para n\u00e3o gotejar sangue no ch\u00e3o.\r\n\r\n<strong>Decis\u00e3o do Padre C\u00edcero depois que a Igreja condenou o &#8220;milagre&#8221;:<\/strong>\r\n\r\n&#8220;N\u00e3o quero de forma alguma sustentar nem defender os fatos ocorridos em Juazeiro, quando j\u00e1 declarei e torno a declarar que, uma vez que a Suprema Congregra\u00e7\u00e3o do Santo Of\u00edcio os condenou eu reprovo, obedecendo sem restri\u00e7\u00e3o, nem reserva, \u00e0 sua decis\u00e3o e decretos, como filho submisso obediente da Santa Igreja.\r\n\u00c9 uma grandios\u00edssima cal\u00fania dizer que tenho revolta contra a Igreja. Eu nunca tive d\u00favidas sobre a F\u00e9 Cat\u00f3lica; nunca disse nem escrevi, nem em cartas particulares, nem em jornais, nem em qualquer escrito nenhuma proposi\u00e7\u00e3o falsa, nem her\u00e9tica, nem duvidosa, nem coisa alguma contra o ensino da Igreja&#8221;.\r\n\r\n<strong>Fonte:<\/strong> Walker, Daniel. &#8220;O Pensamento Vivo de PADRE C\u00cdCERO&#8221;. Martin Claret Editores, S\u00e3o Paulo, 1988.\r\n\r\n<\/div>\r\n[\/vc_toggle][vc_toggle title=&#8221;Padre C\u00edcero era uma pessoa culta?&#8221; el_id=&#8221;1500658694605-8ab155fc-ffc7&#8243;]\r\n<p style=\"text-align: justify;\"><em>Ant\u00f4nio de Alencar Araripe<\/em>, escritor: &#8220;Nas centenas de vezes em que estive em sua resid\u00eancia, onde inexistia biblioteca&#8230; a\u00ed permanecendo horas a fio, nunca o vi ler qualquer livro, fasc\u00edculo ou jornal, nem se referir ao respectivo conte\u00fado, a n\u00e3o ser quando remontava ao seu tempo de estudante ou professor&#8221;.<\/p>\r\n<em>J\u00e1der de Carvalho<\/em>, escritor: &#8220;Padre C\u00edcero n\u00e3o era o homem culto que muita gente, ainda hoje apregoa&#8230; Jamais lhe descobri qualquer tra\u00e7o de intelectualidade&#8221;.\r\n\r\n<em>Edmar Morel<\/em>, jornalista: &#8220;Desgra\u00e7adamente o Padre C\u00edcero n\u00e3o tem amor pelo saber, nem culto \u00e0 literatura. Sempre viveu alheio aos livros e sem a amizade de homens de valor cultural. Era um ignorante, sem cultura, mesmo no campo religioso&#8221;.\r\n\r\n<em>Lu\u00eds Sucupira<\/em>, escritor: &#8220;Padre C\u00edcero era possuidor de elevada cultura para seu tempo, tendo adquirido um lastro bem s\u00f3lido de conhecimentos intelectuais, como \u00f3timo aluno que foi de Hist\u00f3ria, Geografia e Teologia no Semin\u00e1rio de Fortaleza&#8221;.\r\n\r\n<em>C\u00e2ndido Mariano da Silva Rondon<\/em>, militar: &#8220;O Padre C\u00edcero tem palestra interessante de letrado. Fala com flu\u00eancia sobre Hist\u00f3ria, Literatura e Pol\u00edtica, discreteando sobre a vida nacional, cujas tricas conhece palmo a palmo&#8221;.\r\n\r\n<em>Phillip Von Luetzelberg<\/em>, naturalista: &#8220;Padre C\u00edcero \u00e9 um homem que disp\u00f5e de instru\u00e7\u00e3o e saber invulgares. Aborda com igual facilidade a pol\u00edtica e a hist\u00f3ria brasileira; tem conhecimentos profundos de hist\u00f3ria universal, ci\u00eancias naturais, especialmente quanto \u00e0 agricultura&#8221;.\r\n\r\n<em>Am\u00e1lia Xavier de Oliveira<\/em>, educadora e escritora: &#8220;Os assuntos de suas palestras eram sempre edificantes; jamais uma conversa f\u00fatil e muito menos leviana&#8221;.\r\n\r\n[\/vc_toggle][vc_toggle title=&#8221;Qual a contribui\u00e7\u00e3o de Padre C\u00edcero para a educa\u00e7\u00e3o em Juazeiro?&#8221; el_id=&#8221;1500658695089-92616d2d-e0a5&#8243;]&#8221;Deixo a maior parte dos meus bens para a benem\u00e9rita e santa Congrega\u00e7\u00e3o dos Salesianos, a fim de que ela funde aqui no Juazeiro os seus col\u00e9gios de educa\u00e7\u00e3o para crian\u00e7as de ambos os sexos&#8221;.\r\n<div>\r\n\r\nPadre C\u00edcero Rom\u00e3o Batista\r\n\r\n<\/div>\r\n<em>Louren\u00e7o Filho<\/em>, educador e escritor: &#8220;Padre C\u00edcero nunca se interessou pela instru\u00e7\u00e3o e at\u00e9 a tem embara\u00e7ado algumas vezes&#8221;.\r\n\r\n<em>J\u00e1der de Carvalho<\/em>, escritor: &#8220;Tive v\u00e1rios encontros com o Padre C\u00edcero. Dele jamais consegui um pr\u00e9dio para a instala\u00e7\u00e3o de uma escola&#8221;.\r\n\r\n<em>Otac\u00edlio Anselmo<\/em>, militar e escritor: &#8220;Para um povo carente de instru\u00e7\u00e3o, n\u00e3o fundou escolas. Ali\u00e1s, sua avers\u00e3o ao ensino foi comprovada em 1922, ocasi\u00e3o em que, como Prefeito Municipal, n\u00e3o permitiu a instala\u00e7\u00e3o de um grupo escolar em Juazeiro&#8221;.\r\n\r\n<em>Edmar Morel<\/em>, jornalista: &#8220;Esperava-se, pelo seu contato com os grandes centros cient\u00edficos, num Pa\u00eds onde o Rei dirigia uma cruzada de alfabetiza\u00e7\u00e3o, que o Padre C\u00edcero, ao chegar no Juazeiro, cuidasse de abrir escolas prim\u00e1rias e mandasse buscar na capital professores experimentados. O capel\u00e3o n\u00e3o faz nada no terreno educacional. Popula\u00e7\u00f5es inteiras vivem na ignor\u00e2ncia. S\u00f3 sabem desfiar o ros\u00e1rio nos dedos e cantar benditos&#8230; A ele interessa este lament\u00e1vel estado de coisas. Tivesse um esp\u00edrito culto, progressista e teria prestado um relevante servi\u00e7o ao Brasil, abrindo escolas para a inf\u00e2ncia, orfanatos e col\u00e9gios&#8221;. Na verdade, abandona o problema educacional, para ser personagem principal de um ciclo lend\u00e1rio de crendices religiosas&#8221;.\r\n\r\n<em>Am\u00e1lia Xavier de Oliveira<\/em>, educadora e escritora: &#8220;O que foi poss\u00edvel fazer o Padre C\u00edcero fez: fundou algumas escolas particulares, gratificando, do pr\u00f3prio bolso, alguns professores quando as mensalidades recebidas n\u00e3o cobriam suas despesas com a manuten\u00e7\u00e3o. Em 1896, por iniciativa do Padre C\u00edcero, foi instalada a escola feminina, sob a reg\u00eancia da Professora Isabel Montezuma da Luz. O Orfanato Jesus Maria Jos\u00e9, iniciado nesta cidade em 1916, teve como fundador o Padre C\u00edcero, coadjuvado por Joana Tertuliana de Jesus. O fim desta institui\u00e7\u00e3o que ainda hoje existe funcionando com as mesmas finalidades, foi amparar as crian\u00e7as do sexo feminino, pobres e \u00f3rf\u00e3os, dando-lhes uma educa\u00e7\u00e3o adequada capaz de lhes garantir viver honestamente, quando pela idade ou outras circunst\u00e2ncias tiverem que deixar a tutela da entidade de sua forma\u00e7\u00e3o. A Associa\u00e7\u00e3o dos Empregados do Com\u00e9rcio de Juazeiro, fundada no dia 3 de julho de 1926 sob os ausp\u00edcios do Padre C\u00edcero, desde a sua funda\u00e7\u00e3o teve como objetivo principal a instru\u00e7\u00e3o prim\u00e1ria dos s\u00f3cios e de seus dependentes&#8221;.\r\n\r\n<em>Azarias Sobreira<\/em>, Sacerdote e escritor: &#8220;N\u00e3o \u00e9 de hoje que se vem dizendo, ordinariamente com segundas inten\u00e7\u00f5es, ser o Patriarca de Juazeiro um obscurantista, figadal inimigo da alfabetiza\u00e7\u00e3o do seu povo. Se, entretanto, nos dermos ao paciente esfor\u00e7o de tirar a limpo essa tese sustentada com indisfar\u00e7\u00e1vel \u00eanfase, esbarraremos em ila\u00e7\u00f5es diametralmente opostas. \u00c9 que contra fatos a mancheias n\u00e3o podem prevalecer argumentos. Bem ao contr\u00e1rio do que se tem dito, \u00e0s vezes de oitiva, o Padre C\u00edcero viveu sempre idealizando a felicidade e, portanto, a alfabetiza\u00e7\u00e3o de sua gente, na maior escala poss\u00edvel. Apenas se fixou em Juazeiro, embora ali j\u00e1 funcionasse uma escola, andou dando aulas particulares a um ou outro rapazito que lhe pareceram com alguma aptid\u00e3o e gosto para aprender&#8221;.\r\n\r\n<em>Fernandes T\u00e1vora<\/em>, m\u00e9dico, pol\u00edtico e escritor: &#8220;O meu ilustre amigo Louren\u00e7o Filho afirma que n\u00e3o p\u00f4de conseguir a boa vontade do Padre C\u00edcero no sentido de incrementar a instru\u00e7\u00e3o prim\u00e1ria em Juazeiro. Eis outro paradoxo aparente, s\u00f3 compreens\u00edvel e explic\u00e1vel pelos que conheceram intimamente os homens e as coisas daquela terra. Padre C\u00edcero sempre amou a instru\u00e7\u00e3o e desejou v\u00ea-la difundida em sua cidade, como poder\u00e3o dar testemunho diversos mo\u00e7os que, a expensas dele, se educaram desde a escola prim\u00e1ria at\u00e9 os cursos superiores. Se n\u00e3o atendeu ao esfor\u00e7ado e digno Diretor da Instru\u00e7\u00e3o P\u00fablica do Cear\u00e1, ter\u00e1 sido por causa estranha \u00e0 sua vontade&#8221;.\r\n\r\n<em>Neri Feitosa<\/em>, Sacerdote e escritor: &#8220;Padre C\u00edcero fez as duas coisas: instruiu e educou seu povo. Quanto \u00e0 instru\u00e7\u00e3o, o Padre C\u00edcero fez de Juazeiro um modelo&#8221;.\r\n\r\n<em>Ant\u00f4nio Teixeira Junior<\/em>, jornalista: &#8220;Padre C\u00edcero preocupou-se com escolas a ponto de no seu testamento legar todos os seus bens aos Salesianos, com a condi\u00e7\u00e3o de esses religiosos constru\u00edrem um col\u00e9gio&#8221;.[\/vc_toggle][vc_toggle title=&#8221;Era o Padre C\u00edcero um paran\u00f3ico?&#8221; el_id=&#8221;1500658695560-2527a49e-6cc5&#8243;]\r\n<div style=\"text-align: justify;\">&#8220;N\u00e3o sou doido! N\u00e3o sou idiota! N\u00e3o entendo de magia! O que vos digo, o que vistes, eu ouvi, me foi predito. Jesus Cristo derramou Seu sangue para nos salvar. Os que acreditarem, Ele o disse, se salvar\u00e3o. Ele escolheu este lugar.&#8221;<\/div>\r\n<div style=\"text-align: justify;\">\r\n\r\nPadre C\u00edcero Rom\u00e3o Batista\r\n\r\n<\/div>\r\n<div style=\"text-align: justify;\">\r\n\r\n<em>Nertan Macedo<\/em>, jornalista e escritor: &#8220;As quatro pastorais do bispo dom Joaquim, s\u00e1bias e incisivas, de condena\u00e7\u00e3o ao milagre da beata Maria de Ara\u00fajo, feriram profundamente o Padre do Juazeiro: na sua paran\u00f3ia, cren\u00e7a e amor-pr\u00f3prio.&#8221;\r\n\r\n<em>Helv\u00eddio Martins Maia<\/em>, sacerdote e escritor: &#8220;Ap\u00f3s examinarmos, cuidadosamente, o pronunciamento de te\u00f3logos e cientistas, consideramos o Padre C\u00edcero um paran\u00f3ico de fundo m\u00edstico e n\u00e3o um louco&#8221;.\r\n\r\n<em>Fernandes T\u00e1vora<\/em>, m\u00e9dico, pol\u00edtico e escritor: &#8220;Se analisarmos, com aten\u00e7\u00e3o, a vida do Padre C\u00edcero, verificaremos que ela foi sempre deficiente, n\u00e3o s\u00f3 em rela\u00e7\u00e3o \u00e0 mentalidade, como a outras fun\u00e7\u00f5es fisiol\u00f3gicas. Bastariam, para justificar esta asser\u00e7\u00e3o, os constantes \u00eaxtases em que ca\u00eda, durante horas, e a sua absoluta castidade, ou melhor, frigidez, por todos propalada. E, realmente, nunca houve quem lobrigasse, na longa vida do velho sacerdote, a sombra de uma mulher&#8230; Foi nesse organismo miopr\u00e1gico que o choque profundo do desentendimento com as autoridades eclesi\u00e1sticas evidenciou a paran\u00f3ia. Eu n\u00e3o encontro motivos para discrepar do que formulei, h\u00e1 tantos anos e agora reitero, com integral convic\u00e7\u00e3o&#8221;. (Depoimento de 1943).\r\n\r\n<em>Fernandes T\u00e1vora<\/em>: &#8220;Padre C\u00edcero era um homem de \u00f3timas qualidades morais, e estas nunca deixaram de manifestar-se no decurso de sua vida patol\u00f3gica: n\u00e3o esqueceu velhas amizades; dava esmolas; educava, por sua conta, grande n\u00famero de mo\u00e7os pobres&#8230;&#8221;. (Depoimento de 1961).\r\n\r\n<em>Jos\u00e9 Leite Maranh\u00e3o<\/em>, psiquiatra e professor: &#8220;O Padre C\u00edcero teve uma personalidade normal, o seu psiquismo foi h\u00edgido e equilibrado com raro poder de autocr\u00edtica e intelig\u00eancia. Sei que \u00e9 temeroso avan\u00e7ar esta afirma\u00e7\u00e3o, numa esp\u00e9cie de per\u00edcia p\u00f3stuma, para ju\u00edzo dos homens cultos, \u00e0 luz da ci\u00eancia e da sociologia. \u00c9 todavia, um dever de quem o conheceu de perto e acompanhou a sua proje\u00e7\u00e3o na hist\u00f3ria, restabelecer a verdade numa vis\u00e3o hist\u00f3rica serena e cient\u00edfica \u00e0 luz da psicologia e percep\u00e7\u00e3o sociol\u00f3gica. Posso, pois, afirmar: o Padre C\u00edcero n\u00e3o \u00e9 paran\u00f3ico. Como definir a personalidade do Patriarca? Dentro da classifica\u00e7\u00e3o biopatol\u00f3gica de Kretschmer, ali\u00e1s da escola alem\u00e3, o Padre C\u00edcero \u00e9 um cicl\u00f3ide, bi\u00f3tipo admiravelmente caracterizado na sua organiza\u00e7\u00e3o psicossom\u00e1tica, e na conflu\u00eancia dos fen\u00f4menos sociais, pol\u00edticos e religiosos que o envolveram. O Padre C\u00edcero n\u00e3o \u00e9 paran\u00f3ico. Talvez n\u00e3o se deve dizer, nem mesmo para exaltar a obra que ele realizou e legou \u00e0 posteridade de uma grande cidade, um grande povo&#8230;&#8221;.\r\n\r\n<em>Ant\u00f4nio Teles<\/em>, m\u00e9dico e escritor: &#8220;Inimigo pol\u00edtico, de longa data, do Patriarca, a quem, muitas vezes, atacou ferozmente pela imprensa, at\u00e9 injustamente, como ele pr\u00f3prio reconhece, e outrora partid\u00e1rio fan\u00e1tico do Coronel Franco Rabelo apeado do poder pelos bacamartes dos romeiros do Padre C\u00edcero, o sr. Fernandes T\u00e1vora jamais lhe perdoou a deposi\u00e7\u00e3o do seu antigo chefe e atirou-lhe, por isso, a pecha de paran\u00f3ico, como um ajuste de contas p\u00f3stumo. O diagn\u00f3stico de paran\u00f3ia n\u00e3o se coaduna com o comportamento do Padre C\u00edcero, todo ele balizado pelos princ\u00edpios evang\u00e9licos da humildade, da abnega\u00e7\u00e3o e do amor ao pr\u00f3ximo&#8221;.\r\n\r\n<em>Abelardo F. Montenegro<\/em>, advogado, professor e escritor: &#8220;Padre C\u00edcero n\u00e3o era um paran\u00f3ico, um megaloman\u00edaco ou um paciente digno de um consult\u00f3rio psicanal\u00edtico. Mas, sim, um psic\u00f3logo que conhecia perfeitamente o meio e o homem do sert\u00e3o&#8221;.\r\n\r\n<\/div>\r\n[\/vc_toggle][vc_toggle title=&#8221;Padre C\u00edcero foi heresiarca?&#8221; el_id=&#8221;1500658696073-3bb01df8-4a3b&#8221;]\r\n<p style=\"text-align: justify;\">&#8220;\u00c9 uma grandios\u00edssima cal\u00fania dizer que tenho revoltas contra a Igreja. Eu nunca tive d\u00favidas sobre a F\u00e9 Cat\u00f3lica, nunca disse nem escrevi, nem em cartas particulares, nem em jornais, nem em quaisquer outros escritos nenhuma proposi\u00e7\u00e3o falsa, nem her\u00e9tica, nem duvidosa, nem coisa alguma contra o ensino da Igreja. Eu condeno tudo o que a Santa Igreja condena. Sigo tudo o que ela manda como Deus mesmo. Quem n\u00e3o ouvir e obedecer a Igreja deve ser tido como pag\u00e3o e publicano. Fora da Igreja n\u00e3o h\u00e1 salva\u00e7\u00e3o.&#8221;<\/p>\r\n\r\n<div style=\"text-align: justify;\">\r\n\r\nPadre C\u00edcero Rom\u00e3o Batista\r\n\r\n<\/div>\r\n<div style=\"text-align: justify;\">\r\n\r\n<em>Euclides da Cunha<\/em>, escritor: &#8220;Padre C\u00edcero \u00e9 um heresiarca sinistro&#8221;.\r\n\r\n<em>Otac\u00edlio Anselmo<\/em>, militar e escritor: &#8220;Inegavelmente, o Padre C\u00edcero come\u00e7ou bem&#8230; S\u00f3 depois, numa progress\u00e3o lenta, mas continuada, ele mudou de rumo, dando um sentido nebuloso ao seu sacerd\u00f3cio, para finalmente transform\u00e1-lo em heresia, movido pelo impulso de pendores ancestrais (recorde-se que o pai era mit\u00f4mano) e pela influ\u00eancia decisiva do primo e insepar\u00e1vel amigo Jos\u00e9 Marrocos&#8221;.\r\n\r\n<em>Manuel Diniz<\/em>, advogado, educador e escritor: &#8220;Heresiarca por que, se Padre C\u00edcero jamais deixou de obedecer at\u00e9 mesmo ao zelo inexplic\u00e1vel dos seus superiores?&#8221;.\r\n\r\n<em>Jos\u00e9 de Medeiros Delgado<\/em>, Arcebispo e escritor: &#8220;Padre C\u00edcero teve mil oportunidades para ser um heresiarca e n\u00e3o o foi. P\u00f4de erguer o estandarte do cisma e n\u00e3o o fez&#8221;.\r\n\r\n<\/div>\r\n[\/vc_toggle][vc_toggle title=&#8221;Padre C\u00edcero foi l\u00edder?&#8221; el_id=&#8221;1500658696619-1027700a-1d2e&#8221;]\r\n<p style=\"text-align: justify;\">&#8220;Sou respons\u00e1vel por este povo. Por ele sacrificarei at\u00e9 minha vida.&#8221;<\/p>\r\n\r\n<div style=\"text-align: justify;\">\r\n\r\nPadre C\u00edcero Rom\u00e3o Batista\r\n\r\n<\/div>\r\n<div style=\"text-align: justify;\">\r\n\r\n<em>Leandro Konder<\/em>, escritor: &#8220;Padre C\u00edcero era um l\u00edder de massas comprometido com o atraso das massas que liderava&#8221;.\r\n\r\n<em>Helv\u00eddio Martins Maia<\/em>, sacerdote e escritor: &#8220;Padre C\u00edcero era um l\u00edder de fan\u00e1ticos&#8221;.\r\n\r\n<em>Ayres de Montalvo<\/em>, escritor: &#8220;Padre C\u00edcero foi o maior l\u00edder natural que j\u00e1 deu o nosso povo. Um l\u00edder verdadeiro a cuja influ\u00eancia bem pouca gente p\u00f4de ficar indiferente: ou o amava ou o odiava&#8221;.\r\n\r\n<em>Napole\u00e3o Tavares Neves<\/em>, m\u00e9dico e escritor: &#8220;Padre C\u00edcero foi, inquestionavelmente, um grande l\u00edder popular e religioso, l\u00edder realmente carism\u00e1tico, com uma extraordin\u00e1ria vis\u00e3o do futuro e uma \u00edmpar capacidade de prever para tentar prover&#8221;.\r\n\r\n<em>Neri Feitosa<\/em>, Sacerdote e escritor: &#8220;No Brasil, n\u00e3o consta que algu\u00e9m j\u00e1 tenha tido uma lideran\u00e7a maior e mais duradoura que a do Padre C\u00edcero&#8221;.\r\n\r\n<\/div>\r\n[\/vc_toggle]<\/div><\/div><\/div><\/div>\n\t\t\t<script>\n\n\t\t\t\tjQuery(window).load(function () {\n\t\t\t\t\tjQuery('body').find('#td_uid_8_69f5cb5934b5a .td-element-style').each(function (index, element) {\n\t\t\t\t\t\tjQuery(element).css('opacity', 1);\n\t\t\t\t\t\treturn;\n\t\t\t\t\t});\n\t\t\t\t});\n\n\t\t\t<\/script>\n\n\t\t\n\t\t\t<script>\n\n\t\t\t\tjQuery(window).ready(function () {\n\n\t\t\t\t\t\/\/ We need timeout because the content must be rendered and interpreted on client\n\t\t\t\t\tsetTimeout(function () {\n\n\t\t\t\t\t\tvar $content = jQuery('body').find('#tdc-live-iframe'),\n\t\t\t\t\t\t\trefWindow = undefined;\n\n\t\t\t\t\t\tif ($content.length) {\n\t\t\t\t\t\t\t$content = $content.contents();\n\t\t\t\t\t\t\trefWindow = document.getElementById('tdc-live-iframe').contentWindow || document.getElementById('tdc-live-iframe').contentDocument;\n\n\t\t\t\t\t\t} else {\n\t\t\t\t\t\t\t$content = jQuery('body');\n\t\t\t\t\t\t\trefWindow = window;\n\t\t\t\t\t\t}\n\n\t\t\t\t\t\t$content.find('#td_uid_8_69f5cb5934b5a .td-element-style').each(function (index, element) {\n\t\t\t\t\t\t\tjQuery(element).css('opacity', 1);\n\t\t\t\t\t\t\treturn;\n\t\t\t\t\t\t});\n\t\t\t\t\t});\n\n\t\t\t\t}, 200);\n\t\t\t<\/script>\n\n\t\t\t","protected":false},"excerpt":{"rendered":"[vc_custom_heading source=\"post_title\" font_container=\"tag:h1|text_align:center\" google_fonts=\"font_family:Merienda%3Aregular%2C700|font_style:400%20regular%3A400%3Anormal\"] jQuery(window).load(function () { jQuery('body').find('#td_uid_11_69f5cb5936156 .td-element-style').each(function (index, element) { jQuery(element).css('opacity', 1); return; }); }); jQuery(window).ready(function () { \/\/ We need timeout because the content must be rendered and interpreted on client setTimeout(function () { var $content = jQuery('body').find('#tdc-live-iframe'), refWindow = undefined; if ($content.length) { $content = $content.contents(); refWindow = document.getElementById('tdc-live-iframe').contentWindow || document.getElementById('tdc-live-iframe').contentDocument; [...]","protected":false},"author":1,"featured_media":0,"parent":268,"menu_order":0,"comment_status":"closed","ping_status":"closed","template":"","meta":{"footnotes":""},"class_list":["post-33422","page","type-page","status-publish","hentry"],"_links":{"self":[{"href":"https:\/\/catolicanet.net\/wp-cnet\/wp-json\/wp\/v2\/pages\/33422","targetHints":{"allow":["GET"]}}],"collection":[{"href":"https:\/\/catolicanet.net\/wp-cnet\/wp-json\/wp\/v2\/pages"}],"about":[{"href":"https:\/\/catolicanet.net\/wp-cnet\/wp-json\/wp\/v2\/types\/page"}],"author":[{"embeddable":true,"href":"https:\/\/catolicanet.net\/wp-cnet\/wp-json\/wp\/v2\/users\/1"}],"replies":[{"embeddable":true,"href":"https:\/\/catolicanet.net\/wp-cnet\/wp-json\/wp\/v2\/comments?post=33422"}],"version-history":[{"count":4,"href":"https:\/\/catolicanet.net\/wp-cnet\/wp-json\/wp\/v2\/pages\/33422\/revisions"}],"predecessor-version":[{"id":33501,"href":"https:\/\/catolicanet.net\/wp-cnet\/wp-json\/wp\/v2\/pages\/33422\/revisions\/33501"}],"up":[{"embeddable":true,"href":"https:\/\/catolicanet.net\/wp-cnet\/wp-json\/wp\/v2\/pages\/268"}],"wp:attachment":[{"href":"https:\/\/catolicanet.net\/wp-cnet\/wp-json\/wp\/v2\/media?parent=33422"}],"curies":[{"name":"wp","href":"https:\/\/api.w.org\/{rel}","templated":true}]}}