{"id":237,"date":"2016-10-31T09:39:22","date_gmt":"2016-10-31T11:39:22","guid":{"rendered":"http:\/\/catolicanet.net\/wp-cnet\/?page_id=237"},"modified":"2017-07-10T11:04:36","modified_gmt":"2017-07-10T14:04:36","slug":"sites-catolicos","status":"publish","type":"page","link":"https:\/\/catolicanet.net\/wp-cnet\/sites-catolicos\/","title":{"rendered":"Sites Cat\u00f3licos"},"content":{"rendered":"<div id=\"td_uid_1_69f42d551b84b\" class=\"tdc-row\"><div class=\"vc_row td_uid_1_69f42d551b853_rand  wpb_row td-pb-row\" ><div class=\"vc_column td_uid_2_69f42d551ba8f_rand  wpb_column vc_column_container tdc-column td-pb-span8\"><div class=\"wpb_wrapper\">[vc_custom_heading text=&#8221;Grande Fam\u00edlia&#8221; font_container=&#8221;tag:h1|text_align:left&#8221; google_fonts=&#8221;font_family:Merienda%3Aregular%2C700|font_style:400%20regular%3A400%3Anormal&#8221;]<div class=\"wpb_wrapper wpb_text_column td_block_wrap td_block_wrap vc_column_text td_uid_3_69f42d551bc0f_rand  td-pb-border-top td_block_template_1\"  data-td-block-uid=\"td_uid_3_69f42d551bc0f\" \"><div class=\"td-block-title-wrap\"><\/div><div class=\"td-fix-index\"><p>[supsystic-slider id=2 position=&#8221;center&#8221;]<\/p>\n<\/div><\/div><div class=\"wpb_wrapper td_block_empty_space td_block_wrap vc_empty_space td_uid_4_69f42d55325c4_rand \"  style=\"height: 100px\"><\/div>[vc_custom_heading source=&#8221;post_title&#8221; font_container=&#8221;tag:h1|text_align:left&#8221; google_fonts=&#8221;font_family:Merienda%3Aregular%2C700|font_style:400%20regular%3A400%3Anormal&#8221;]<div class=\"wpb_wrapper wpb_text_column td_block_wrap td_block_wrap vc_column_text td_uid_5_69f42d55325f1_rand  td-pb-border-top td_block_template_1\"  data-td-block-uid=\"td_uid_5_69f42d55325f1\" \"><div class=\"td-block-title-wrap\"><\/div><div class=\"td-fix-index\"><p>[supsystic-slider id=1 position=&#8221;center&#8221;]<\/p>\n<h2><\/h2>\n<\/div><\/div><div class=\"wpb_wrapper td_block_empty_space td_block_wrap vc_empty_space td_uid_6_69f42d553286f_rand \"  style=\"height: 100px\"><\/div><div class=\"wpb_wrapper wpb_text_column td_block_wrap td_block_wrap vc_column_text td_uid_7_69f42d553288c_rand  td-pb-border-top td_block_template_1\"  data-td-block-uid=\"td_uid_7_69f42d553288c\" \"><div class=\"td-block-title-wrap\"><\/div><div class=\"td-fix-index\"><p>Assine nossa Newsletter e receba as principais not\u00edcias diretamente em seu e-mail!<\/p>\n<p>[wysija_form id=&#8221;1&#8243;]<\/p>\n<\/div><\/div><\/div><\/div><div class=\"vc_column td_uid_8_69f42d5532a94_rand  wpb_column vc_column_container tdc-column td-pb-span4\"><div class=\"wpb_wrapper\"><div class=\"wpb_wrapper td_block_wrap vc_widget_sidebar td_uid_9_69f42d5532b4b_rand \" ><div class=\"td_block_wrap td_block_24 td_block_widget td_uid_10_69f42d5532d7c_rand td-pb-border-top td_block_template_1\"  data-td-block-uid=\"td_uid_10_69f42d5532d7c\" ><script>var block_td_uid_10_69f42d5532d7c = new tdBlock();\nblock_td_uid_10_69f42d5532d7c.id = \"td_uid_10_69f42d5532d7c\";\nblock_td_uid_10_69f42d5532d7c.atts = '{\"limit\":\"3\",\"sort\":\"\",\"post_ids\":\"\",\"tag_slug\":\"\",\"autors_id\":\"\",\"installed_post_types\":\"\",\"category_id\":\"\",\"category_ids\":\"7,4,3\",\"custom_title\":\"\\u00daltimas Not\\u00edcias\",\"custom_url\":\"\",\"show_child_cat\":\"\",\"sub_cat_ajax\":\"\",\"ajax_pagination\":\"\",\"header_color\":\"#\",\"header_text_color\":\"#\",\"ajax_pagination_infinite_stop\":\"\",\"td_column_number\":1,\"td_ajax_preloading\":\"\",\"td_ajax_filter_type\":\"\",\"td_ajax_filter_ids\":\"\",\"td_filter_default_txt\":\"All\",\"color_preset\":\"\",\"border_top\":\"\",\"class\":\"td_block_widget td_uid_10_69f42d5532d7c_rand\",\"el_class\":\"\",\"offset\":\"\",\"css\":\"\",\"tdc_css\":\"\",\"tdc_css_class\":\"td_uid_10_69f42d5532d7c_rand\",\"tdc_css_class_style\":\"td_uid_10_69f42d5532d7c_rand_style\",\"live_filter\":\"\",\"live_filter_cur_post_id\":\"\",\"live_filter_cur_post_author\":\"\",\"block_template_id\":\"\"}';\nblock_td_uid_10_69f42d5532d7c.td_column_number = \"1\";\nblock_td_uid_10_69f42d5532d7c.block_type = \"td_block_24\";\nblock_td_uid_10_69f42d5532d7c.post_count = \"3\";\nblock_td_uid_10_69f42d5532d7c.found_posts = \"22382\";\nblock_td_uid_10_69f42d5532d7c.header_color = \"#\";\nblock_td_uid_10_69f42d5532d7c.ajax_pagination_infinite_stop = \"\";\nblock_td_uid_10_69f42d5532d7c.max_num_pages = \"7461\";\ntdBlocksArray.push(block_td_uid_10_69f42d5532d7c);\n<\/script><div class=\"td-block-title-wrap\"><h4 class=\"block-title\"><span class=\"td-pulldown-size\">\u00daltimas Not\u00edcias<\/span><\/h4><\/div><div id=td_uid_10_69f42d5532d7c class=\"td_block_inner td-column-1 td-opacity-author\">\n        <div class=\"td_module_mx16 td_module_wrap td-animation-stack\">\n            <div class=\"meta-info-container\">\n                <h3 class=\"entry-title td-module-title\"><a href=\"https:\/\/catolicanet.net\/wp-cnet\/dom-magnus-henrique-e-eleito-para-a-academia-brasileira-de-hagiologia\/\" rel=\"bookmark\" title=\"Dom Magnus Henrique \u00e9 eleito para a Academia Brasileira de Hagiologia\">Dom Magnus Henrique \u00e9 eleito para a Academia Brasileira de Hagiologia<\/a><\/h3>                <div class=\"td-info-container\">\n                    <div class=\"td-module-image\">\n                        <div class=\"td-module-thumb\"><a href=\"https:\/\/catolicanet.net\/wp-cnet\/dom-magnus-henrique-e-eleito-para-a-academia-brasileira-de-hagiologia\/\" rel=\"bookmark\" title=\"Dom Magnus Henrique \u00e9 eleito para a Academia Brasileira de Hagiologia\"><img loading=\"lazy\" decoding=\"async\" width=\"356\" height=\"364\" class=\"entry-thumb\" src=\"https:\/\/catolicanet.net\/wp-cnet\/wp-content\/uploads\/2026\/04\/30.04-356x364.png\" alt=\"\" title=\"Dom Magnus Henrique \u00e9 eleito para a Academia Brasileira de Hagiologia\"\/><\/a><\/div>                                            <\/div>\n\n                    <div class=\"td-item-details\">\n                        <div class=\"td-module-meta-info\">\n                            <span class=\"td-post-date\"><time class=\"entry-date updated td-module-date\" datetime=\"2026-04-30T13:54:55+00:00\" >30 de abril de 2026<\/time><\/span>                            <div class=\"td-module-comments\"><a href=\"https:\/\/catolicanet.net\/wp-cnet\/dom-magnus-henrique-e-eleito-para-a-academia-brasileira-de-hagiologia\/#respond\">0<\/a><\/div>                        <\/div>\n\n                        <div class=\"td-excerpt\">\n                            Religioso iniciou processo de beatifica\u00e7\u00e3o do Padre C\u00edcero Rom\u00e3o Batista, patrono de sua cadeira na ABRHAGI\r\nFoto: Divulga\u00e7\u00e3o...                        <\/div>\n\n                        <div class=\"td-read-more\">\n                            <a href=\"https:\/\/catolicanet.net\/wp-cnet\/dom-magnus-henrique-e-eleito-para-a-academia-brasileira-de-hagiologia\/\">Leia mais<\/a>\n                        <\/div>\n                    <\/div>\n                <\/div>\n            <\/div>\n\n        <\/div>\n\n        \n        <div class=\"td_module_mx16 td_module_wrap td-animation-stack\">\n            <div class=\"meta-info-container\">\n                <h3 class=\"entry-title td-module-title\"><a href=\"https:\/\/catolicanet.net\/wp-cnet\/hospital-pediatrico-do-papa-assina-acordo-com-instituto-de-pesquisa-de-lisboa\/\" rel=\"bookmark\" title=\"Hospital Pedi\u00e1trico do Papa assina acordo com instituto de pesquisa de Lisboa\">Hospital Pedi\u00e1trico do Papa assina acordo com instituto de pesquisa de Lisboa<\/a><\/h3>                <div class=\"td-info-container\">\n                    <div class=\"td-module-image\">\n                        <div class=\"td-module-thumb\"><a href=\"https:\/\/catolicanet.net\/wp-cnet\/hospital-pediatrico-do-papa-assina-acordo-com-instituto-de-pesquisa-de-lisboa\/\" rel=\"bookmark\" title=\"Hospital Pedi\u00e1trico do Papa assina acordo com instituto de pesquisa de Lisboa\"><img loading=\"lazy\" decoding=\"async\" width=\"250\" height=\"141\" class=\"entry-thumb\" src=\"https:\/\/catolicanet.net\/wp-cnet\/wp-content\/uploads\/2026\/04\/cq5dam.thumbnail.cropped.250.141-11.jpeg\" alt=\"\" title=\"Hospital Pedi\u00e1trico do Papa assina acordo com instituto de pesquisa de Lisboa\"\/><\/a><\/div>                                            <\/div>\n\n                    <div class=\"td-item-details\">\n                        <div class=\"td-module-meta-info\">\n                            <span class=\"td-post-date\"><time class=\"entry-date updated td-module-date\" datetime=\"2026-04-30T10:55:31+00:00\" >30 de abril de 2026<\/time><\/span>                            <div class=\"td-module-comments\"><a href=\"https:\/\/catolicanet.net\/wp-cnet\/hospital-pediatrico-do-papa-assina-acordo-com-instituto-de-pesquisa-de-lisboa\/#respond\">0<\/a><\/div>                        <\/div>\n\n                        <div class=\"td-excerpt\">\n                            O acordo visa criar uma sinergia no campo das terapias avan\u00e7adas, abrindo caminho para a cria\u00e7\u00e3o de...                        <\/div>\n\n                        <div class=\"td-read-more\">\n                            <a href=\"https:\/\/catolicanet.net\/wp-cnet\/hospital-pediatrico-do-papa-assina-acordo-com-instituto-de-pesquisa-de-lisboa\/\">Leia mais<\/a>\n                        <\/div>\n                    <\/div>\n                <\/div>\n            <\/div>\n\n        <\/div>\n\n        \n        <div class=\"td_module_mx16 td_module_wrap td-animation-stack\">\n            <div class=\"meta-info-container\">\n                <h3 class=\"entry-title td-module-title\"><a href=\"https:\/\/catolicanet.net\/wp-cnet\/o-papa-perseverar-na-caridade-e-na-proximidade-com-os-cristaos-do-oriente-medio\/\" rel=\"bookmark\" title=\"O Papa: perseverar na caridade e na proximidade com os crist\u00e3os do Oriente M\u00e9dio\">O Papa: perseverar na caridade e na proximidade com os crist\u00e3os do Oriente M\u00e9dio<\/a><\/h3>                <div class=\"td-info-container\">\n                    <div class=\"td-module-image\">\n                        <div class=\"td-module-thumb\"><a href=\"https:\/\/catolicanet.net\/wp-cnet\/o-papa-perseverar-na-caridade-e-na-proximidade-com-os-cristaos-do-oriente-medio\/\" rel=\"bookmark\" title=\"O Papa: perseverar na caridade e na proximidade com os crist\u00e3os do Oriente M\u00e9dio\"><img loading=\"lazy\" decoding=\"async\" width=\"250\" height=\"141\" class=\"entry-thumb\" src=\"https:\/\/catolicanet.net\/wp-cnet\/wp-content\/uploads\/2026\/04\/cq5dam.thumbnail.cropped.250.141-10.jpeg\" alt=\"\" title=\"O Papa: perseverar na caridade e na proximidade com os crist\u00e3os do Oriente M\u00e9dio\"\/><\/a><\/div>                                            <\/div>\n\n                    <div class=\"td-item-details\">\n                        <div class=\"td-module-meta-info\">\n                            <span class=\"td-post-date\"><time class=\"entry-date updated td-module-date\" datetime=\"2026-04-30T10:48:19+00:00\" >30 de abril de 2026<\/time><\/span>                            <div class=\"td-module-comments\"><a href=\"https:\/\/catolicanet.net\/wp-cnet\/o-papa-perseverar-na-caridade-e-na-proximidade-com-os-cristaos-do-oriente-medio\/#respond\">0<\/a><\/div>                        <\/div>\n\n                        <div class=\"td-excerpt\">\n                            Audi\u00eancia desta quinta-feira, 30 de abril, no Vaticano, aos membros da funda\u00e7\u00e3o Weltkirche-Weltmission.\u00a0 (@VATICAN MEDIA)\r\n\r\nPartindo da lembran\u00e7a...                        <\/div>\n\n                        <div class=\"td-read-more\">\n                            <a href=\"https:\/\/catolicanet.net\/wp-cnet\/o-papa-perseverar-na-caridade-e-na-proximidade-com-os-cristaos-do-oriente-medio\/\">Leia mais<\/a>\n                        <\/div>\n                    <\/div>\n                <\/div>\n            <\/div>\n\n        <\/div>\n\n        <\/div><\/div> <!-- .\/block --><\/div><div class=\"wpb_wrapper td_block_wrap vc_widget_sidebar td_uid_11_69f42d557368b_rand \" ><aside class=\"td_block_template_1 widget singleBannerWidget\"><h4 class=\"block-title\"><span>Colabore!<\/span><\/h4><div class=\"banner_wrapper\" style=\"\"><div class=\"banner  banner-878 bottom vert custom-banners-theme-default_style\" style=\"width: auto; height: auto;\"><img loading=\"lazy\" decoding=\"async\" width=\"940\" height=\"788\" src=\"https:\/\/catolicanet.net\/wp-cnet\/wp-content\/uploads\/We-just-wanted-you-to-know-how-much-we-love-and-appreciate-you-Thank-you-for-everything-you-do-for-us.-_.jpg\" class=\"attachment-full size-full\" alt=\"\" srcset=\"https:\/\/catolicanet.net\/wp-cnet\/wp-content\/uploads\/We-just-wanted-you-to-know-how-much-we-love-and-appreciate-you-Thank-you-for-everything-you-do-for-us.-_.jpg 940w, https:\/\/catolicanet.net\/wp-cnet\/wp-content\/uploads\/We-just-wanted-you-to-know-how-much-we-love-and-appreciate-you-Thank-you-for-everything-you-do-for-us.-_-300x251.jpg 300w, https:\/\/catolicanet.net\/wp-cnet\/wp-content\/uploads\/We-just-wanted-you-to-know-how-much-we-love-and-appreciate-you-Thank-you-for-everything-you-do-for-us.-_-768x644.jpg 768w, https:\/\/catolicanet.net\/wp-cnet\/wp-content\/uploads\/We-just-wanted-you-to-know-how-much-we-love-and-appreciate-you-Thank-you-for-everything-you-do-for-us.-_-600x503.jpg 600w, https:\/\/catolicanet.net\/wp-cnet\/wp-content\/uploads\/We-just-wanted-you-to-know-how-much-we-love-and-appreciate-you-Thank-you-for-everything-you-do-for-us.-_-696x583.jpg 696w, https:\/\/catolicanet.net\/wp-cnet\/wp-content\/uploads\/We-just-wanted-you-to-know-how-much-we-love-and-appreciate-you-Thank-you-for-everything-you-do-for-us.-_-501x420.jpg 501w\" sizes=\"auto, (max-width: 940px) 100vw, 940px\" \/><a class=\"custom_banners_big_link\"  href=\"https:\/\/pag.ae\/blg0LKh\"><\/a><\/div><\/div><\/aside><\/div><\/div><\/div><\/div><\/div>\n\t\t\t<script>\n\n\t\t\t\tjQuery(window).load(function () {\n\t\t\t\t\tjQuery('body').find('#td_uid_1_69f42d551b84b .td-element-style').each(function (index, element) {\n\t\t\t\t\t\tjQuery(element).css('opacity', 1);\n\t\t\t\t\t\treturn;\n\t\t\t\t\t});\n\t\t\t\t});\n\n\t\t\t<\/script>\n\n\t\t\n\t\t\t<script>\n\n\t\t\t\tjQuery(window).ready(function () {\n\n\t\t\t\t\t\/\/ We need timeout because the content must be rendered and interpreted on client\n\t\t\t\t\tsetTimeout(function () {\n\n\t\t\t\t\t\tvar $content = jQuery('body').find('#tdc-live-iframe'),\n\t\t\t\t\t\t\trefWindow = undefined;\n\n\t\t\t\t\t\tif ($content.length) {\n\t\t\t\t\t\t\t$content = $content.contents();\n\t\t\t\t\t\t\trefWindow = document.getElementById('tdc-live-iframe').contentWindow || document.getElementById('tdc-live-iframe').contentDocument;\n\n\t\t\t\t\t\t} else {\n\t\t\t\t\t\t\t$content = jQuery('body');\n\t\t\t\t\t\t\trefWindow = window;\n\t\t\t\t\t\t}\n\n\t\t\t\t\t\t$content.find('#td_uid_1_69f42d551b84b .td-element-style').each(function (index, element) {\n\t\t\t\t\t\t\tjQuery(element).css('opacity', 1);\n\t\t\t\t\t\t\treturn;\n\t\t\t\t\t\t});\n\t\t\t\t\t});\n\n\t\t\t\t}, 200);\n\t\t\t<\/script>\n\n\t\t\t","protected":false},"excerpt":{"rendered":"[vc_custom_heading text=\"Grande Fam\u00edlia\" font_container=\"tag:h1|text_align:left\" google_fonts=\"font_family:Merienda%3Aregular%2C700|font_style:400%20regular%3A400%3Anormal\"][supsystic-slider id=1 position=\"center\"]","protected":false},"author":1,"featured_media":0,"parent":0,"menu_order":0,"comment_status":"closed","ping_status":"closed","template":"","meta":{"footnotes":""},"class_list":["post-237","page","type-page","status-publish","hentry"],"_links":{"self":[{"href":"https:\/\/catolicanet.net\/wp-cnet\/wp-json\/wp\/v2\/pages\/237","targetHints":{"allow":["GET"]}}],"collection":[{"href":"https:\/\/catolicanet.net\/wp-cnet\/wp-json\/wp\/v2\/pages"}],"about":[{"href":"https:\/\/catolicanet.net\/wp-cnet\/wp-json\/wp\/v2\/types\/page"}],"author":[{"embeddable":true,"href":"https:\/\/catolicanet.net\/wp-cnet\/wp-json\/wp\/v2\/users\/1"}],"replies":[{"embeddable":true,"href":"https:\/\/catolicanet.net\/wp-cnet\/wp-json\/wp\/v2\/comments?post=237"}],"version-history":[{"count":15,"href":"https:\/\/catolicanet.net\/wp-cnet\/wp-json\/wp\/v2\/pages\/237\/revisions"}],"predecessor-version":[{"id":32704,"href":"https:\/\/catolicanet.net\/wp-cnet\/wp-json\/wp\/v2\/pages\/237\/revisions\/32704"}],"wp:attachment":[{"href":"https:\/\/catolicanet.net\/wp-cnet\/wp-json\/wp\/v2\/media?parent=237"}],"curies":[{"name":"wp","href":"https:\/\/api.w.org\/{rel}","templated":true}]}}