{"id":147,"date":"2016-10-18T11:06:23","date_gmt":"2016-10-18T13:06:23","guid":{"rendered":"http:\/\/catolicanet.net\/wp-cnet\/?page_id=147"},"modified":"2017-02-13T11:35:43","modified_gmt":"2017-02-13T13:35:43","slug":"artigos","status":"publish","type":"page","link":"https:\/\/catolicanet.net\/wp-cnet\/artigos\/","title":{"rendered":"Artigos"},"content":{"rendered":"<div id=\"td_uid_1_69f2cd4e902af\" class=\"tdc-row\"><div class=\"vc_row td_uid_1_69f2cd4e902b7_rand  wpb_row td-pb-row\" ><div class=\"vc_column td_uid_2_69f2cd4e90590_rand  wpb_column vc_column_container tdc-column td-pb-span8\"><div class=\"wpb_wrapper\"><div class=\"td_block_wrap td_block_13 td_uid_3_69f2cd4e90860_rand td_with_ajax_pagination td-pb-border-top td_block_template_1 td-column-2\"  data-td-block-uid=\"td_uid_3_69f2cd4e90860\" ><script>var block_td_uid_3_69f2cd4e90860 = new tdBlock();\nblock_td_uid_3_69f2cd4e90860.id = \"td_uid_3_69f2cd4e90860\";\nblock_td_uid_3_69f2cd4e90860.atts = '{\"limit\":\"7\",\"sort\":\"\",\"post_ids\":\"\",\"tag_slug\":\"\",\"autors_id\":\"\",\"installed_post_types\":\"\",\"category_id\":\"9\",\"category_ids\":\"\",\"custom_title\":\"\",\"custom_url\":\"\",\"show_child_cat\":\"\",\"sub_cat_ajax\":\"\",\"ajax_pagination\":\"load_more\",\"header_color\":\"\",\"header_text_color\":\"\",\"ajax_pagination_infinite_stop\":\"\",\"td_column_number\":2,\"td_ajax_preloading\":\"\",\"td_ajax_filter_type\":\"\",\"td_ajax_filter_ids\":\"\",\"td_filter_default_txt\":\"Todos\",\"color_preset\":\"\",\"border_top\":\"\",\"class\":\"td_uid_3_69f2cd4e90860_rand\",\"el_class\":\"\",\"offset\":\"\",\"css\":\"\",\"tdc_css\":\"\",\"tdc_css_class\":\"td_uid_3_69f2cd4e90860_rand\",\"tdc_css_class_style\":\"td_uid_3_69f2cd4e90860_rand_style\",\"live_filter\":\"\",\"live_filter_cur_post_id\":\"\",\"live_filter_cur_post_author\":\"\",\"block_template_id\":\"\"}';\nblock_td_uid_3_69f2cd4e90860.td_column_number = \"2\";\nblock_td_uid_3_69f2cd4e90860.block_type = \"td_block_13\";\nblock_td_uid_3_69f2cd4e90860.post_count = \"7\";\nblock_td_uid_3_69f2cd4e90860.found_posts = \"7444\";\nblock_td_uid_3_69f2cd4e90860.header_color = \"\";\nblock_td_uid_3_69f2cd4e90860.ajax_pagination_infinite_stop = \"\";\nblock_td_uid_3_69f2cd4e90860.max_num_pages = \"1064\";\ntdBlocksArray.push(block_td_uid_3_69f2cd4e90860);\n<\/script><div class=\"td-block-title-wrap\"><\/div><div id=td_uid_3_69f2cd4e90860 class=\"td_block_inner\">\n        <div class=\"td_module_14 td_module_wrap td-animation-stack\">\n            <div class=\"meta-info-container\">\n                <div class=\"td-module-thumb\"><a href=\"https:\/\/catolicanet.net\/wp-cnet\/a-pascoa-nao-e-so-hoje-vivamos-intensamente-a-oitava-da-pascoa\/\" rel=\"bookmark\" title=\"A P\u00e1scoa n\u00e3o \u00e9 s\u00f3 hoje! Vivamos intensamente a Oitava da P\u00e1scoa!\"><img loading=\"lazy\" decoding=\"async\" width=\"696\" height=\"295\" class=\"entry-thumb\" src=\"https:\/\/catolicanet.net\/wp-cnet\/wp-content\/uploads\/2025\/02\/DomAnuar-696x295.png\" alt=\"\" title=\"A P\u00e1scoa n\u00e3o \u00e9 s\u00f3 hoje! Vivamos intensamente a Oitava da P\u00e1scoa!\"\/><\/a><\/div>\n                <div class=\"td-module-meta-info\">\n                    <div class=\"td-module-meta-holder\">\n                        <h3 class=\"entry-title td-module-title\"><a href=\"https:\/\/catolicanet.net\/wp-cnet\/a-pascoa-nao-e-so-hoje-vivamos-intensamente-a-oitava-da-pascoa\/\" rel=\"bookmark\" title=\"A P\u00e1scoa n\u00e3o \u00e9 s\u00f3 hoje! Vivamos intensamente a Oitava da P\u00e1scoa!\">A P\u00e1scoa n\u00e3o \u00e9 s\u00f3 hoje! Vivamos intensamente a Oitava da P\u00e1scoa!<\/a><\/h3>                                                <span class=\"td-post-author-name\"><a href=\"https:\/\/catolicanet.net\/wp-cnet\/author\/dom-anuar-battisti\/\">Dom Anuar Battisti<\/a> <span>-<\/span> <\/span>                        <span class=\"td-post-date\"><time class=\"entry-date updated td-module-date\" datetime=\"2026-04-07T13:04:02+00:00\" >7 de abril de 2026<\/time><\/span>                        <div class=\"td-module-comments\"><a href=\"https:\/\/catolicanet.net\/wp-cnet\/a-pascoa-nao-e-so-hoje-vivamos-intensamente-a-oitava-da-pascoa\/#respond\">0<\/a><\/div>                    <\/div>\n                <\/div>\n            <\/div>\n\n            <div class=\"td-excerpt\">\n                Irm\u00e3os e irm\u00e3s, a Oitava da P\u00e1scoa n\u00e3o \u00e9 apenas um prolongamento festivo, mas uma verdadeira chave de leitura para compreender o mist\u00e9rio central da f\u00e9 crist\u00e3. Durante esses oito dias, a Igreja n\u00e3o \u201crecorda\u201d a P\u00e1scoa como algo...\n                <div class=\"td-read-more\">\n                    <a href=\"https:\/\/catolicanet.net\/wp-cnet\/a-pascoa-nao-e-so-hoje-vivamos-intensamente-a-oitava-da-pascoa\/\">Leia mais<\/a>\n                <\/div>\n            <\/div>\n\n        <\/div>\n\n        \n        <div class=\"td_module_14 td_module_wrap td-animation-stack\">\n            <div class=\"meta-info-container\">\n                <div class=\"td-module-thumb\"><a href=\"https:\/\/catolicanet.net\/wp-cnet\/oitava-da-pascoa-8\/\" rel=\"bookmark\" title=\"Oitava da P\u00e1scoa\"><img loading=\"lazy\" decoding=\"async\" width=\"696\" height=\"295\" class=\"entry-thumb\" src=\"https:\/\/catolicanet.net\/wp-cnet\/wp-content\/uploads\/domoranin-1-696x295.jpg\" alt=\"\" title=\"Oitava da P\u00e1scoa\"\/><\/a><\/div>\n                <div class=\"td-module-meta-info\">\n                    <div class=\"td-module-meta-holder\">\n                        <h3 class=\"entry-title td-module-title\"><a href=\"https:\/\/catolicanet.net\/wp-cnet\/oitava-da-pascoa-8\/\" rel=\"bookmark\" title=\"Oitava da P\u00e1scoa\">Oitava da P\u00e1scoa<\/a><\/h3>                                                <span class=\"td-post-author-name\"><a href=\"https:\/\/catolicanet.net\/wp-cnet\/author\/dom-orani-tempesta\/\">Cardeal Orani Tempesta<\/a> <span>-<\/span> <\/span>                        <span class=\"td-post-date\"><time class=\"entry-date updated td-module-date\" datetime=\"2026-04-06T10:47:34+00:00\" >6 de abril de 2026<\/time><\/span>                        <div class=\"td-module-comments\"><a href=\"https:\/\/catolicanet.net\/wp-cnet\/oitava-da-pascoa-8\/#respond\">0<\/a><\/div>                    <\/div>\n                <\/div>\n            <\/div>\n\n            <div class=\"td-excerpt\">\n                Ap\u00f3s termos passado pelo tempo quaresmal, pela Semana Santa, pelo Tr\u00edduo Pascal e pelo Domingo de P\u00e1scoa, entramos no per\u00edodo que chamamos de Oitava da P\u00e1scoa. Ou seja, \u00e9 como se todos os dias desta semana, at\u00e9 o pr\u00f3ximo...\n                <div class=\"td-read-more\">\n                    <a href=\"https:\/\/catolicanet.net\/wp-cnet\/oitava-da-pascoa-8\/\">Leia mais<\/a>\n                <\/div>\n            <\/div>\n\n        <\/div>\n\n        \n        <div class=\"td_module_14 td_module_wrap td-animation-stack\">\n            <div class=\"meta-info-container\">\n                <div class=\"td-module-thumb\"><a href=\"https:\/\/catolicanet.net\/wp-cnet\/segunda-feira-da-oitava-da-pascoa-mt-288-15\/\" rel=\"bookmark\" title=\"Segunda-feira da Oitava da P\u00e1scoa (Mt 28,8-15).\"><img loading=\"lazy\" decoding=\"async\" width=\"696\" height=\"295\" class=\"entry-thumb\" src=\"https:\/\/catolicanet.net\/wp-cnet\/wp-content\/uploads\/2022\/12\/domcarmo-696x295.jpg\" alt=\"\" title=\"Segunda-feira da Oitava da P\u00e1scoa (Mt 28,8-15).\"\/><\/a><\/div>\n                <div class=\"td-module-meta-info\">\n                    <div class=\"td-module-meta-holder\">\n                        <h3 class=\"entry-title td-module-title\"><a href=\"https:\/\/catolicanet.net\/wp-cnet\/segunda-feira-da-oitava-da-pascoa-mt-288-15\/\" rel=\"bookmark\" title=\"Segunda-feira da Oitava da P\u00e1scoa (Mt 28,8-15).\">Segunda-feira da Oitava da P\u00e1scoa (Mt 28,8-15).<\/a><\/h3>                                                <span class=\"td-post-author-name\"><a href=\"https:\/\/catolicanet.net\/wp-cnet\/author\/dom-carmo\/\">Dom Carmo Jo\u00e3o Rhoden<\/a> <span>-<\/span> <\/span>                        <span class=\"td-post-date\"><time class=\"entry-date updated td-module-date\" datetime=\"2026-04-06T09:00:32+00:00\" >6 de abril de 2026<\/time><\/span>                        <div class=\"td-module-comments\"><a href=\"https:\/\/catolicanet.net\/wp-cnet\/segunda-feira-da-oitava-da-pascoa-mt-288-15\/#respond\">0<\/a><\/div>                    <\/div>\n                <\/div>\n            <\/div>\n\n            <div class=\"td-excerpt\">\n                Texto Referencial: \u201cDe repente Jesus foi ao encontro delas e disse &quot;Alegrai-vos!\u201d As mulheres aproximaram-se e prostraram-se diante de Jesus abra\u00e7ando seus p\u00e9s. Ent\u00e3o disse a elas: N\u00e3o tenhais medo. Ide anunciar aos meus irm\u00e3os que se dirijam \u00e0...\n                <div class=\"td-read-more\">\n                    <a href=\"https:\/\/catolicanet.net\/wp-cnet\/segunda-feira-da-oitava-da-pascoa-mt-288-15\/\">Leia mais<\/a>\n                <\/div>\n            <\/div>\n\n        <\/div>\n\n        \n        <div class=\"td_module_14 td_module_wrap td-animation-stack\">\n            <div class=\"meta-info-container\">\n                <div class=\"td-module-thumb\"><a href=\"https:\/\/catolicanet.net\/wp-cnet\/domingo-da-pascoa-na-ressurreicao-do-senhor-3\/\" rel=\"bookmark\" title=\"Domingo da P\u00e1scoa na Ressurrei\u00e7\u00e3o do Senhor\"><img loading=\"lazy\" decoding=\"async\" width=\"696\" height=\"295\" class=\"entry-thumb\" src=\"https:\/\/catolicanet.net\/wp-cnet\/wp-content\/uploads\/domoranin-1-696x295.jpg\" alt=\"\" title=\"Domingo da P\u00e1scoa na Ressurrei\u00e7\u00e3o do Senhor\"\/><\/a><\/div>\n                <div class=\"td-module-meta-info\">\n                    <div class=\"td-module-meta-holder\">\n                        <h3 class=\"entry-title td-module-title\"><a href=\"https:\/\/catolicanet.net\/wp-cnet\/domingo-da-pascoa-na-ressurreicao-do-senhor-3\/\" rel=\"bookmark\" title=\"Domingo da P\u00e1scoa na Ressurrei\u00e7\u00e3o do Senhor\">Domingo da P\u00e1scoa na Ressurrei\u00e7\u00e3o do Senhor<\/a><\/h3>                                                <span class=\"td-post-author-name\"><a href=\"https:\/\/catolicanet.net\/wp-cnet\/author\/dom-orani-tempesta\/\">Cardeal Orani Tempesta<\/a> <span>-<\/span> <\/span>                        <span class=\"td-post-date\"><time class=\"entry-date updated td-module-date\" datetime=\"2026-04-05T13:48:39+00:00\" >5 de abril de 2026<\/time><\/span>                        <div class=\"td-module-comments\"><a href=\"https:\/\/catolicanet.net\/wp-cnet\/domingo-da-pascoa-na-ressurreicao-do-senhor-3\/#respond\">0<\/a><\/div>                    <\/div>\n                <\/div>\n            <\/div>\n\n            <div class=\"td-excerpt\">\n                \u00a0\u00a0\u00a0\u00a0\u00a0\u00a0\u00a0\u00a0 Chegamos ao cume radioso da nossa f\u00e9! O pranto da Sexta-feira Santa secou, o sil\u00eancio angustiante do S\u00e1bado Santo foi rompido pelo canto do Exsultet, e agora, banhados pela luz inextingu\u00edvel da manh\u00e3 de P\u00e1scoa, a Igreja inteira,...\n                <div class=\"td-read-more\">\n                    <a href=\"https:\/\/catolicanet.net\/wp-cnet\/domingo-da-pascoa-na-ressurreicao-do-senhor-3\/\">Leia mais<\/a>\n                <\/div>\n            <\/div>\n\n        <\/div>\n\n        \n        <div class=\"td_module_14 td_module_wrap td-animation-stack\">\n            <div class=\"meta-info-container\">\n                <div class=\"td-module-thumb\"><a href=\"https:\/\/catolicanet.net\/wp-cnet\/domingo-da-pascoa-na-ressurreicao-do-senhor-2\/\" rel=\"bookmark\" title=\"Domingo da P\u00e1scoa na Ressurrei\u00e7\u00e3o do Senhor\"><img loading=\"lazy\" decoding=\"async\" width=\"696\" height=\"295\" class=\"entry-thumb\" src=\"https:\/\/catolicanet.net\/wp-cnet\/wp-content\/uploads\/domoranin-1-696x295.jpg\" alt=\"\" title=\"Domingo da P\u00e1scoa na Ressurrei\u00e7\u00e3o do Senhor\"\/><\/a><\/div>\n                <div class=\"td-module-meta-info\">\n                    <div class=\"td-module-meta-holder\">\n                        <h3 class=\"entry-title td-module-title\"><a href=\"https:\/\/catolicanet.net\/wp-cnet\/domingo-da-pascoa-na-ressurreicao-do-senhor-2\/\" rel=\"bookmark\" title=\"Domingo da P\u00e1scoa na Ressurrei\u00e7\u00e3o do Senhor\">Domingo da P\u00e1scoa na Ressurrei\u00e7\u00e3o do Senhor<\/a><\/h3>                                                <span class=\"td-post-author-name\"><a href=\"https:\/\/catolicanet.net\/wp-cnet\/author\/dom-orani-tempesta\/\">Cardeal Orani Tempesta<\/a> <span>-<\/span> <\/span>                        <span class=\"td-post-date\"><time class=\"entry-date updated td-module-date\" datetime=\"2026-04-05T13:47:40+00:00\" >5 de abril de 2026<\/time><\/span>                        <div class=\"td-module-comments\"><a href=\"https:\/\/catolicanet.net\/wp-cnet\/domingo-da-pascoa-na-ressurreicao-do-senhor-2\/#respond\">0<\/a><\/div>                    <\/div>\n                <\/div>\n            <\/div>\n\n            <div class=\"td-excerpt\">\n                \u00a0\u00a0\u00a0\u00a0\u00a0\u00a0\u00a0\u00a0 Chegamos ao cume radioso da nossa f\u00e9! O pranto da Sexta-feira Santa secou, o sil\u00eancio angustiante do S\u00e1bado Santo foi rompido pelo canto do Exsultet, e agora, banhados pela luz inextingu\u00edvel da manh\u00e3 de P\u00e1scoa, a Igreja inteira,...\n                <div class=\"td-read-more\">\n                    <a href=\"https:\/\/catolicanet.net\/wp-cnet\/domingo-da-pascoa-na-ressurreicao-do-senhor-2\/\">Leia mais<\/a>\n                <\/div>\n            <\/div>\n\n        <\/div>\n\n        \n        <div class=\"td_module_14 td_module_wrap td-animation-stack\">\n            <div class=\"meta-info-container\">\n                <div class=\"td-module-thumb\"><a href=\"https:\/\/catolicanet.net\/wp-cnet\/domingo-da-pascoa-da-ressurreicao-do-senhor-homilia-ano-a\/\" rel=\"bookmark\" title=\"Domingo da P\u00e1scoa da Ressurrei\u00e7\u00e3o do Senhor \u2013 Homilia (Ano A)\"><img loading=\"lazy\" decoding=\"async\" width=\"696\" height=\"295\" class=\"entry-thumb\" src=\"https:\/\/catolicanet.net\/wp-cnet\/wp-content\/uploads\/2025\/02\/DomAnuar-696x295.png\" alt=\"\" title=\"Domingo da P\u00e1scoa da Ressurrei\u00e7\u00e3o do Senhor \u2013 Homilia (Ano A)\"\/><\/a><\/div>\n                <div class=\"td-module-meta-info\">\n                    <div class=\"td-module-meta-holder\">\n                        <h3 class=\"entry-title td-module-title\"><a href=\"https:\/\/catolicanet.net\/wp-cnet\/domingo-da-pascoa-da-ressurreicao-do-senhor-homilia-ano-a\/\" rel=\"bookmark\" title=\"Domingo da P\u00e1scoa da Ressurrei\u00e7\u00e3o do Senhor \u2013 Homilia (Ano A)\">Domingo da P\u00e1scoa da Ressurrei\u00e7\u00e3o do Senhor \u2013 Homilia (Ano A)<\/a><\/h3>                                                <span class=\"td-post-author-name\"><a href=\"https:\/\/catolicanet.net\/wp-cnet\/author\/dom-anuar-battisti\/\">Dom Anuar Battisti<\/a> <span>-<\/span> <\/span>                        <span class=\"td-post-date\"><time class=\"entry-date updated td-module-date\" datetime=\"2026-04-05T13:30:37+00:00\" >5 de abril de 2026<\/time><\/span>                        <div class=\"td-module-comments\"><a href=\"https:\/\/catolicanet.net\/wp-cnet\/domingo-da-pascoa-da-ressurreicao-do-senhor-homilia-ano-a\/#respond\">0<\/a><\/div>                    <\/div>\n                <\/div>\n            <\/div>\n\n            <div class=\"td-excerpt\">\n                \u00a0\u00a0\u00a0\u00a0\u00a0\u00a0\u00a0\u00a0 Irm\u00e3os e irm\u00e3s, \u201ceste \u00e9 o dia que o Senhor fez para n\u00f3s: alegremo-nos e nele exultemos\u201d (Sl 117,24). A Igreja hoje n\u00e3o apenas recorda um acontecimento passado, mas proclama uma verdade que transforma toda a realidade: Cristo...\n                <div class=\"td-read-more\">\n                    <a href=\"https:\/\/catolicanet.net\/wp-cnet\/domingo-da-pascoa-da-ressurreicao-do-senhor-homilia-ano-a\/\">Leia mais<\/a>\n                <\/div>\n            <\/div>\n\n        <\/div>\n\n        \n        <div class=\"td_module_14 td_module_wrap td-animation-stack\">\n            <div class=\"meta-info-container\">\n                <div class=\"td-module-thumb\"><a href=\"https:\/\/catolicanet.net\/wp-cnet\/domingo-da-pascoa-na-ressurreicao-do-senhor\/\" rel=\"bookmark\" title=\"Domingo da P\u00e1scoa na Ressurrei\u00e7\u00e3o do Senhor\"><img loading=\"lazy\" decoding=\"async\" width=\"696\" height=\"295\" class=\"entry-thumb\" src=\"https:\/\/catolicanet.net\/wp-cnet\/wp-content\/uploads\/domoranin-1-696x295.jpg\" alt=\"\" title=\"Domingo da P\u00e1scoa na Ressurrei\u00e7\u00e3o do Senhor\"\/><\/a><\/div>\n                <div class=\"td-module-meta-info\">\n                    <div class=\"td-module-meta-holder\">\n                        <h3 class=\"entry-title td-module-title\"><a href=\"https:\/\/catolicanet.net\/wp-cnet\/domingo-da-pascoa-na-ressurreicao-do-senhor\/\" rel=\"bookmark\" title=\"Domingo da P\u00e1scoa na Ressurrei\u00e7\u00e3o do Senhor\">Domingo da P\u00e1scoa na Ressurrei\u00e7\u00e3o do Senhor<\/a><\/h3>                                                <span class=\"td-post-author-name\"><a href=\"https:\/\/catolicanet.net\/wp-cnet\/author\/dom-orani-tempesta\/\">Cardeal Orani Tempesta<\/a> <span>-<\/span> <\/span>                        <span class=\"td-post-date\"><time class=\"entry-date updated td-module-date\" datetime=\"2026-04-05T13:16:18+00:00\" >5 de abril de 2026<\/time><\/span>                        <div class=\"td-module-comments\"><a href=\"https:\/\/catolicanet.net\/wp-cnet\/domingo-da-pascoa-na-ressurreicao-do-senhor\/#respond\">0<\/a><\/div>                    <\/div>\n                <\/div>\n            <\/div>\n\n            <div class=\"td-excerpt\">\n                \u00a0\u00a0\u00a0\u00a0\u00a0\u00a0\u00a0\u00a0 Chegamos ao cume radioso da nossa f\u00e9! O pranto da Sexta-feira Santa secou, o sil\u00eancio angustiante do S\u00e1bado Santo foi rompido pelo canto do Exsultet, e agora, banhados pela luz inextingu\u00edvel da manh\u00e3 de P\u00e1scoa, a Igreja inteira,...\n                <div class=\"td-read-more\">\n                    <a href=\"https:\/\/catolicanet.net\/wp-cnet\/domingo-da-pascoa-na-ressurreicao-do-senhor\/\">Leia mais<\/a>\n                <\/div>\n            <\/div>\n\n        <\/div>\n\n        <\/div><div class=\"td-load-more-wrap\"><a href=\"#\" class=\"td_ajax_load_more td_ajax_load_more_js\" id=\"next-page-td_uid_3_69f2cd4e90860\" data-td_block_id=\"td_uid_3_69f2cd4e90860\">Carregar mais<i class=\"td-icon-font td-icon-menu-down\"><\/i><\/a><\/div><\/div> <!-- .\/block --><\/div><\/div><div class=\"vc_column td_uid_4_69f2cd4eb20fe_rand  wpb_column vc_column_container tdc-column td-pb-span4\"><div class=\"wpb_wrapper\"><div class=\"wpb_wrapper td_block_wrap vc_widget_sidebar td_uid_5_69f2cd4eb220f_rand \" ><div class=\"td_block_wrap td_block_authors td_block_widget td_uid_6_69f2cd4eb2486_rand td_top_authors td-pb-border-top td_block_template_1\"  data-td-block-uid=\"td_uid_6_69f2cd4eb2486\" ><h4 class=\"block-title\"><span class=\"td-pulldown-size\">Articulistas<\/span><\/h4><div class=\"td_mod_wrap td-pb-padding-side\"><a href=\"https:\/\/catolicanet.net\/wp-cnet\/author\/dom-orani-tempesta\/\"><img alt='' src='https:\/\/secure.gravatar.com\/avatar\/44eb054ca5447ffcf677f0424443e1dcff0a6bb831fc1d142766c6246daa13fb?s=70&#038;d=blank&#038;r=g' srcset='https:\/\/secure.gravatar.com\/avatar\/44eb054ca5447ffcf677f0424443e1dcff0a6bb831fc1d142766c6246daa13fb?s=140&#038;d=blank&#038;r=g 2x' class='avatar avatar-70 photo' height='70' width='70' \/><\/a><div class=\"item-details\"><div class=\"td-authors-name\"><a href=\"https:\/\/catolicanet.net\/wp-cnet\/author\/dom-orani-tempesta\/\">Cardeal Orani Tempesta<\/a><\/div><span class=\"td-author-post-count\">2674 POSTS<\/span><span class=\"td-author-comments-count\">0 COMENT\u00c1RIOS<\/span><div class=\"td-authors-url\"><a href=\"\"><\/a><\/div><\/div><\/div><div class=\"td_mod_wrap td-pb-padding-side\"><a href=\"https:\/\/catolicanet.net\/wp-cnet\/author\/dom-eurico-dos-santos-veloso\/\"><img alt='' src='https:\/\/secure.gravatar.com\/avatar\/5909db8b9b8778d9d30a7a8f30c9193dcd6e81e0618310407e8a7ff88d3ae102?s=70&#038;d=blank&#038;r=g' srcset='https:\/\/secure.gravatar.com\/avatar\/5909db8b9b8778d9d30a7a8f30c9193dcd6e81e0618310407e8a7ff88d3ae102?s=140&#038;d=blank&#038;r=g 2x' class='avatar avatar-70 photo' height='70' width='70' \/><\/a><div class=\"item-details\"><div class=\"td-authors-name\"><a href=\"https:\/\/catolicanet.net\/wp-cnet\/author\/dom-eurico-dos-santos-veloso\/\">Dom Eurico dos Santos Veloso<\/a><\/div><span class=\"td-author-post-count\">921 POSTS<\/span><span class=\"td-author-comments-count\">0 COMENT\u00c1RIOS<\/span><div class=\"td-authors-url\"><a href=\"\"><\/a><\/div><\/div><\/div><div class=\"td_mod_wrap td-pb-padding-side\"><a href=\"https:\/\/catolicanet.net\/wp-cnet\/author\/jose-geraldo-vidigal-de-carvalho\/\"><img alt='' src='https:\/\/secure.gravatar.com\/avatar\/e3880e4dc06389d066ae9ffd954c1f9d510e6e8e82d15df34e5f2f485f4b1472?s=70&#038;d=blank&#038;r=g' srcset='https:\/\/secure.gravatar.com\/avatar\/e3880e4dc06389d066ae9ffd954c1f9d510e6e8e82d15df34e5f2f485f4b1472?s=140&#038;d=blank&#038;r=g 2x' class='avatar avatar-70 photo' height='70' width='70' \/><\/a><div class=\"item-details\"><div class=\"td-authors-name\"><a href=\"https:\/\/catolicanet.net\/wp-cnet\/author\/jose-geraldo-vidigal-de-carvalho\/\">C\u00f4nego Jos\u00e9 Geraldo Vidigal de Carvalho<\/a><\/div><span class=\"td-author-post-count\">662 POSTS<\/span><span class=\"td-author-comments-count\">0 COMENT\u00c1RIOS<\/span><div class=\"td-authors-url\"><a href=\"\"><\/a><\/div><\/div><\/div><div class=\"td_mod_wrap td-pb-padding-side\"><a href=\"https:\/\/catolicanet.net\/wp-cnet\/author\/padre-geovane-saraiva\/\"><img alt='' src='https:\/\/secure.gravatar.com\/avatar\/55a9aaccbeb4e95ca4737545fd7acbaedb1583d659288b2d7e3be160e88f0c5d?s=70&#038;d=blank&#038;r=g' srcset='https:\/\/secure.gravatar.com\/avatar\/55a9aaccbeb4e95ca4737545fd7acbaedb1583d659288b2d7e3be160e88f0c5d?s=140&#038;d=blank&#038;r=g 2x' class='avatar avatar-70 photo' height='70' width='70' \/><\/a><div class=\"item-details\"><div class=\"td-authors-name\"><a href=\"https:\/\/catolicanet.net\/wp-cnet\/author\/padre-geovane-saraiva\/\">Padre Geovane Saraiva<\/a><\/div><span class=\"td-author-post-count\">548 POSTS<\/span><span class=\"td-author-comments-count\">0 COMENT\u00c1RIOS<\/span><div class=\"td-authors-url\"><a href=\"\"><\/a><\/div><\/div><\/div><div class=\"td_mod_wrap td-pb-padding-side\"><a href=\"https:\/\/catolicanet.net\/wp-cnet\/author\/wagner-pedro-menezes\/\"><img alt='' src='https:\/\/secure.gravatar.com\/avatar\/e23703b56e1ad954785a83f09bedd0fa8c802c34031bc98d3b550586377ce35f?s=70&#038;d=blank&#038;r=g' srcset='https:\/\/secure.gravatar.com\/avatar\/e23703b56e1ad954785a83f09bedd0fa8c802c34031bc98d3b550586377ce35f?s=140&#038;d=blank&#038;r=g 2x' class='avatar avatar-70 photo' height='70' width='70' \/><\/a><div class=\"item-details\"><div class=\"td-authors-name\"><a href=\"https:\/\/catolicanet.net\/wp-cnet\/author\/wagner-pedro-menezes\/\">Wagner Pedro Menezes<\/a><\/div><span class=\"td-author-post-count\">475 POSTS<\/span><span class=\"td-author-comments-count\">0 COMENT\u00c1RIOS<\/span><div class=\"td-authors-url\"><a href=\"\"><\/a><\/div><\/div><\/div><div class=\"td_mod_wrap td-pb-padding-side\"><a href=\"https:\/\/catolicanet.net\/wp-cnet\/author\/dom-paulo-mendes-peixoto\/\"><img alt='' src='https:\/\/secure.gravatar.com\/avatar\/1a12ff39eb6a51bd778e66fd7715aaba32c3e19d88940466f1bb728ed4020bbf?s=70&#038;d=blank&#038;r=g' srcset='https:\/\/secure.gravatar.com\/avatar\/1a12ff39eb6a51bd778e66fd7715aaba32c3e19d88940466f1bb728ed4020bbf?s=140&#038;d=blank&#038;r=g 2x' class='avatar avatar-70 photo' height='70' width='70' \/><\/a><div class=\"item-details\"><div class=\"td-authors-name\"><a href=\"https:\/\/catolicanet.net\/wp-cnet\/author\/dom-paulo-mendes-peixoto\/\">Dom Paulo Mendes Peixoto<\/a><\/div><span class=\"td-author-post-count\">391 POSTS<\/span><span class=\"td-author-comments-count\">0 COMENT\u00c1RIOS<\/span><div class=\"td-authors-url\"><a href=\"\"><\/a><\/div><\/div><\/div><div class=\"td_mod_wrap td-pb-padding-side\"><a href=\"https:\/\/catolicanet.net\/wp-cnet\/author\/dom-rodolfo-luis-webber\/\"><img alt='' src='https:\/\/secure.gravatar.com\/avatar\/5d4cb613188230e4f071b6846b6c623cd2277601498fa67a9056b3d9c2664ece?s=70&#038;d=blank&#038;r=g' srcset='https:\/\/secure.gravatar.com\/avatar\/5d4cb613188230e4f071b6846b6c623cd2277601498fa67a9056b3d9c2664ece?s=140&#038;d=blank&#038;r=g 2x' class='avatar avatar-70 photo' height='70' width='70' \/><\/a><div class=\"item-details\"><div class=\"td-authors-name\"><a href=\"https:\/\/catolicanet.net\/wp-cnet\/author\/dom-rodolfo-luis-webber\/\">Dom Rodolfo Lu\u00eds Webber<\/a><\/div><span class=\"td-author-post-count\">391 POSTS<\/span><span class=\"td-author-comments-count\">0 COMENT\u00c1RIOS<\/span><div class=\"td-authors-url\"><a href=\"\"><\/a><\/div><\/div><\/div><div class=\"td_mod_wrap td-pb-padding-side\"><a href=\"https:\/\/catolicanet.net\/wp-cnet\/author\/padre-inacio-jose-do-vale\/\"><img alt='' src='https:\/\/secure.gravatar.com\/avatar\/fe224bc75bb3f7c0836c764fa60e05029bb97f2483afd6c327193b79ce70c8dd?s=70&#038;d=blank&#038;r=g' srcset='https:\/\/secure.gravatar.com\/avatar\/fe224bc75bb3f7c0836c764fa60e05029bb97f2483afd6c327193b79ce70c8dd?s=140&#038;d=blank&#038;r=g 2x' class='avatar avatar-70 photo' height='70' width='70' \/><\/a><div class=\"item-details\"><div class=\"td-authors-name\"><a href=\"https:\/\/catolicanet.net\/wp-cnet\/author\/padre-inacio-jose-do-vale\/\">Frei In\u00e1cio Jos\u00e9 do Vale<\/a><\/div><span class=\"td-author-post-count\">357 POSTS<\/span><span class=\"td-author-comments-count\">0 COMENT\u00c1RIOS<\/span><div class=\"td-authors-url\"><a href=\"\"><\/a><\/div><\/div><\/div><div class=\"td_mod_wrap td-pb-padding-side\"><a href=\"https:\/\/catolicanet.net\/wp-cnet\/author\/dom-carmo\/\"><img alt='' src='https:\/\/secure.gravatar.com\/avatar\/18b1bef05ce1876743aa6279df00c7b529ec4df66ac1b77717414a3542214a1c?s=70&#038;d=blank&#038;r=g' srcset='https:\/\/secure.gravatar.com\/avatar\/18b1bef05ce1876743aa6279df00c7b529ec4df66ac1b77717414a3542214a1c?s=140&#038;d=blank&#038;r=g 2x' class='avatar avatar-70 photo' height='70' width='70' \/><\/a><div class=\"item-details\"><div class=\"td-authors-name\"><a href=\"https:\/\/catolicanet.net\/wp-cnet\/author\/dom-carmo\/\">Dom Carmo Jo\u00e3o Rhoden<\/a><\/div><span class=\"td-author-post-count\">246 POSTS<\/span><span class=\"td-author-comments-count\">0 COMENT\u00c1RIOS<\/span><div class=\"td-authors-url\"><a href=\"\"><\/a><\/div><\/div><\/div><div class=\"td_mod_wrap td-pb-padding-side\"><a href=\"https:\/\/catolicanet.net\/wp-cnet\/author\/dom-anuar-battisti\/\"><img alt='' src='https:\/\/secure.gravatar.com\/avatar\/a0a5403acc29ea7fa3389715dd848ad0774063a842df7918402300ab503ae0bf?s=70&#038;d=blank&#038;r=g' srcset='https:\/\/secure.gravatar.com\/avatar\/a0a5403acc29ea7fa3389715dd848ad0774063a842df7918402300ab503ae0bf?s=140&#038;d=blank&#038;r=g 2x' class='avatar avatar-70 photo' height='70' width='70' \/><\/a><div class=\"item-details\"><div class=\"td-authors-name\"><a href=\"https:\/\/catolicanet.net\/wp-cnet\/author\/dom-anuar-battisti\/\">Dom Anuar Battisti<\/a><\/div><span class=\"td-author-post-count\">219 POSTS<\/span><span class=\"td-author-comments-count\">0 COMENT\u00c1RIOS<\/span><div class=\"td-authors-url\"><a href=\"\"><\/a><\/div><\/div><\/div><div class=\"td_mod_wrap td-pb-padding-side\"><a href=\"https:\/\/catolicanet.net\/wp-cnet\/author\/dom-luiz-demetrio-valentini\/\"><img alt='' src='https:\/\/secure.gravatar.com\/avatar\/8471cbe29913063fd4132870b293e15ac37b193df3bc2f07f395430c95c729b3?s=70&#038;d=blank&#038;r=g' srcset='https:\/\/secure.gravatar.com\/avatar\/8471cbe29913063fd4132870b293e15ac37b193df3bc2f07f395430c95c729b3?s=140&#038;d=blank&#038;r=g 2x' class='avatar avatar-70 photo' height='70' width='70' \/><\/a><div class=\"item-details\"><div class=\"td-authors-name\"><a href=\"https:\/\/catolicanet.net\/wp-cnet\/author\/dom-luiz-demetrio-valentini\/\">Dom Luiz Dem\u00e9trio Valentini<\/a><\/div><span class=\"td-author-post-count\">77 POSTS<\/span><span class=\"td-author-comments-count\">0 COMENT\u00c1RIOS<\/span><div class=\"td-authors-url\"><a href=\"\"><\/a><\/div><\/div><\/div><div class=\"td_mod_wrap td-pb-padding-side\"><a href=\"https:\/\/catolicanet.net\/wp-cnet\/author\/dom-aloisio-roque-oppermann\/\"><img alt='' src='https:\/\/secure.gravatar.com\/avatar\/0a967f037c35c4489767f8752776d443d8faa0147d5a22c34f9a9ef9ca154d53?s=70&#038;d=blank&#038;r=g' srcset='https:\/\/secure.gravatar.com\/avatar\/0a967f037c35c4489767f8752776d443d8faa0147d5a22c34f9a9ef9ca154d53?s=140&#038;d=blank&#038;r=g 2x' class='avatar avatar-70 photo' height='70' width='70' \/><\/a><div class=\"item-details\"><div class=\"td-authors-name\"><a href=\"https:\/\/catolicanet.net\/wp-cnet\/author\/dom-aloisio-roque-oppermann\/\">Dom Alo\u00edsio Roque Oppermann<\/a><\/div><span class=\"td-author-post-count\">27 POSTS<\/span><span class=\"td-author-comments-count\">0 COMENT\u00c1RIOS<\/span><div class=\"td-authors-url\"><a href=\"\"><\/a><\/div><\/div><\/div><div class=\"td_mod_wrap td-pb-padding-side\"><a href=\"https:\/\/catolicanet.net\/wp-cnet\/author\/dom-joao-bosco-oliver-de-faria\/\"><img alt='' src='https:\/\/secure.gravatar.com\/avatar\/cd4f5b9c014d84afab372eaffe1b2dc9593c3219597481904d895688bf73b46c?s=70&#038;d=blank&#038;r=g' srcset='https:\/\/secure.gravatar.com\/avatar\/cd4f5b9c014d84afab372eaffe1b2dc9593c3219597481904d895688bf73b46c?s=140&#038;d=blank&#038;r=g 2x' class='avatar avatar-70 photo' height='70' width='70' \/><\/a><div class=\"item-details\"><div class=\"td-authors-name\"><a href=\"https:\/\/catolicanet.net\/wp-cnet\/author\/dom-joao-bosco-oliver-de-faria\/\">Dom Jo\u00e3o Bosco \u00d3liver de Faria<\/a><\/div><span class=\"td-author-post-count\">15 POSTS<\/span><span class=\"td-author-comments-count\">0 COMENT\u00c1RIOS<\/span><div class=\"td-authors-url\"><a href=\"\"><\/a><\/div><\/div><\/div><div class=\"td_mod_wrap td-pb-padding-side\"><a href=\"https:\/\/catolicanet.net\/wp-cnet\/author\/maria-regina-canhos-valentin\/\"><img alt='' src='https:\/\/secure.gravatar.com\/avatar\/2e3488b1623dc422fe4ad521df8284d7ac02be1323499e7796a3d3fed532c85b?s=70&#038;d=blank&#038;r=g' srcset='https:\/\/secure.gravatar.com\/avatar\/2e3488b1623dc422fe4ad521df8284d7ac02be1323499e7796a3d3fed532c85b?s=140&#038;d=blank&#038;r=g 2x' class='avatar avatar-70 photo' height='70' width='70' \/><\/a><div class=\"item-details\"><div class=\"td-authors-name\"><a href=\"https:\/\/catolicanet.net\/wp-cnet\/author\/maria-regina-canhos-valentin\/\">Maria Regina Canhos Valentin<\/a><\/div><span class=\"td-author-post-count\">10 POSTS<\/span><span class=\"td-author-comments-count\">0 COMENT\u00c1RIOS<\/span><div class=\"td-authors-url\"><a href=\"\"><\/a><\/div><\/div><\/div><div class=\"td_mod_wrap td-pb-padding-side\"><a href=\"https:\/\/catolicanet.net\/wp-cnet\/author\/padre-geraldo-trindade\/\"><img alt='' src='https:\/\/secure.gravatar.com\/avatar\/11c24966fe9c2771a661aaccb3809785b4e2f7c7c4afeb694af0601967270ffa?s=70&#038;d=blank&#038;r=g' srcset='https:\/\/secure.gravatar.com\/avatar\/11c24966fe9c2771a661aaccb3809785b4e2f7c7c4afeb694af0601967270ffa?s=140&#038;d=blank&#038;r=g 2x' class='avatar avatar-70 photo' height='70' width='70' \/><\/a><div class=\"item-details\"><div class=\"td-authors-name\"><a href=\"https:\/\/catolicanet.net\/wp-cnet\/author\/padre-geraldo-trindade\/\">Padre Geraldo Trindade<\/a><\/div><span class=\"td-author-post-count\">4 POSTS<\/span><span class=\"td-author-comments-count\">0 COMENT\u00c1RIOS<\/span><div class=\"td-authors-url\"><a href=\"\"><\/a><\/div><\/div><\/div><div class=\"td_mod_wrap td-pb-padding-side\"><a href=\"https:\/\/catolicanet.net\/wp-cnet\/author\/dom-gil-antonio-moreira\/\"><img alt='' src='https:\/\/secure.gravatar.com\/avatar\/ff702a388e7f9007dc510c824f75279e5622035d588986069b8456bcfb85c853?s=70&#038;d=blank&#038;r=g' srcset='https:\/\/secure.gravatar.com\/avatar\/ff702a388e7f9007dc510c824f75279e5622035d588986069b8456bcfb85c853?s=140&#038;d=blank&#038;r=g 2x' class='avatar avatar-70 photo' height='70' width='70' \/><\/a><div class=\"item-details\"><div class=\"td-authors-name\"><a href=\"https:\/\/catolicanet.net\/wp-cnet\/author\/dom-gil-antonio-moreira\/\">Dom Gil Ant\u00f4nio Moreira<\/a><\/div><span class=\"td-author-post-count\">2 POSTS<\/span><span class=\"td-author-comments-count\">0 COMENT\u00c1RIOS<\/span><div class=\"td-authors-url\"><a href=\"\"><\/a><\/div><\/div><\/div><\/div><aside class=\"td_block_template_1 widget singleBannerWidget\"><h4 class=\"block-title\"><span>Colabore!<\/span><\/h4><div class=\"banner_wrapper\" style=\"\"><div class=\"banner  banner-878 bottom vert custom-banners-theme-default_style\" style=\"width: auto; height: auto;\"><img loading=\"lazy\" decoding=\"async\" width=\"940\" height=\"788\" src=\"https:\/\/catolicanet.net\/wp-cnet\/wp-content\/uploads\/We-just-wanted-you-to-know-how-much-we-love-and-appreciate-you-Thank-you-for-everything-you-do-for-us.-_.jpg\" class=\"attachment-full size-full\" alt=\"\" srcset=\"https:\/\/catolicanet.net\/wp-cnet\/wp-content\/uploads\/We-just-wanted-you-to-know-how-much-we-love-and-appreciate-you-Thank-you-for-everything-you-do-for-us.-_.jpg 940w, https:\/\/catolicanet.net\/wp-cnet\/wp-content\/uploads\/We-just-wanted-you-to-know-how-much-we-love-and-appreciate-you-Thank-you-for-everything-you-do-for-us.-_-300x251.jpg 300w, https:\/\/catolicanet.net\/wp-cnet\/wp-content\/uploads\/We-just-wanted-you-to-know-how-much-we-love-and-appreciate-you-Thank-you-for-everything-you-do-for-us.-_-768x644.jpg 768w, https:\/\/catolicanet.net\/wp-cnet\/wp-content\/uploads\/We-just-wanted-you-to-know-how-much-we-love-and-appreciate-you-Thank-you-for-everything-you-do-for-us.-_-600x503.jpg 600w, https:\/\/catolicanet.net\/wp-cnet\/wp-content\/uploads\/We-just-wanted-you-to-know-how-much-we-love-and-appreciate-you-Thank-you-for-everything-you-do-for-us.-_-696x583.jpg 696w, https:\/\/catolicanet.net\/wp-cnet\/wp-content\/uploads\/We-just-wanted-you-to-know-how-much-we-love-and-appreciate-you-Thank-you-for-everything-you-do-for-us.-_-501x420.jpg 501w\" sizes=\"auto, (max-width: 940px) 100vw, 940px\" \/><a class=\"custom_banners_big_link\"  href=\"https:\/\/pag.ae\/blg0LKh\"><\/a><\/div><\/div><\/aside><\/div><\/div><\/div><\/div><\/div>\n\t\t\t<script>\n\n\t\t\t\tjQuery(window).load(function () {\n\t\t\t\t\tjQuery('body').find('#td_uid_1_69f2cd4e902af .td-element-style').each(function (index, element) {\n\t\t\t\t\t\tjQuery(element).css('opacity', 1);\n\t\t\t\t\t\treturn;\n\t\t\t\t\t});\n\t\t\t\t});\n\n\t\t\t<\/script>\n\n\t\t\n\t\t\t<script>\n\n\t\t\t\tjQuery(window).ready(function () {\n\n\t\t\t\t\t\/\/ We need timeout because the content must be rendered and interpreted on client\n\t\t\t\t\tsetTimeout(function () {\n\n\t\t\t\t\t\tvar $content = jQuery('body').find('#tdc-live-iframe'),\n\t\t\t\t\t\t\trefWindow = undefined;\n\n\t\t\t\t\t\tif ($content.length) {\n\t\t\t\t\t\t\t$content = $content.contents();\n\t\t\t\t\t\t\trefWindow = document.getElementById('tdc-live-iframe').contentWindow || document.getElementById('tdc-live-iframe').contentDocument;\n\n\t\t\t\t\t\t} else {\n\t\t\t\t\t\t\t$content = jQuery('body');\n\t\t\t\t\t\t\trefWindow = window;\n\t\t\t\t\t\t}\n\n\t\t\t\t\t\t$content.find('#td_uid_1_69f2cd4e902af .td-element-style').each(function (index, element) {\n\t\t\t\t\t\t\tjQuery(element).css('opacity', 1);\n\t\t\t\t\t\t\treturn;\n\t\t\t\t\t\t});\n\t\t\t\t\t});\n\n\t\t\t\t}, 200);\n\t\t\t<\/script>\n\n\t\t\t","protected":false},"excerpt":{"rendered":"var block_td_uid_9_69f2cd4f1e4f8 = new tdBlock(); block_td_uid_9_69f2cd4f1e4f8.id = \"td_uid_9_69f2cd4f1e4f8\"; block_td_uid_9_69f2cd4f1e4f8.atts = '{\"limit\":\"7\",\"sort\":\"\",\"post_ids\":\"\",\"tag_slug\":\"\",\"autors_id\":\"\",\"installed_post_types\":\"\",\"category_id\":\"9\",\"category_ids\":\"\",\"custom_title\":\"\",\"custom_url\":\"\",\"show_child_cat\":\"\",\"sub_cat_ajax\":\"\",\"ajax_pagination\":\"load_more\",\"header_color\":\"\",\"header_text_color\":\"\",\"ajax_pagination_infinite_stop\":\"\",\"td_column_number\":2,\"td_ajax_preloading\":\"\",\"td_ajax_filter_type\":\"\",\"td_ajax_filter_ids\":\"\",\"td_filter_default_txt\":\"Todos\",\"color_preset\":\"\",\"border_top\":\"\",\"class\":\"td_uid_9_69f2cd4f1e4f8_rand\",\"el_class\":\"\",\"offset\":\"\",\"css\":\"\",\"tdc_css\":\"\",\"tdc_css_class\":\"td_uid_9_69f2cd4f1e4f8_rand\",\"tdc_css_class_style\":\"td_uid_9_69f2cd4f1e4f8_rand_style\",\"live_filter\":\"\",\"live_filter_cur_post_id\":\"\",\"live_filter_cur_post_author\":\"\",\"block_template_id\":\"\"}'; block_td_uid_9_69f2cd4f1e4f8.td_column_number = \"2\"; block_td_uid_9_69f2cd4f1e4f8.block_type = \"td_block_13\"; block_td_uid_9_69f2cd4f1e4f8.post_count = \"7\"; block_td_uid_9_69f2cd4f1e4f8.found_posts = \"7444\"; block_td_uid_9_69f2cd4f1e4f8.header_color = \"\"; block_td_uid_9_69f2cd4f1e4f8.ajax_pagination_infinite_stop = \"\"; block_td_uid_9_69f2cd4f1e4f8.max_num_pages = \"1064\"; tdBlocksArray.push(block_td_uid_9_69f2cd4f1e4f8); A P\u00e1scoa n\u00e3o \u00e9 s\u00f3 hoje! Vivamos intensamente a Oitava da P\u00e1scoa! Dom Anuar Battisti - 7 de abril de 2026 0 [...]","protected":false},"author":1,"featured_media":0,"parent":0,"menu_order":0,"comment_status":"closed","ping_status":"closed","template":"","meta":{"footnotes":""},"class_list":["post-147","page","type-page","status-publish","hentry"],"_links":{"self":[{"href":"https:\/\/catolicanet.net\/wp-cnet\/wp-json\/wp\/v2\/pages\/147","targetHints":{"allow":["GET"]}}],"collection":[{"href":"https:\/\/catolicanet.net\/wp-cnet\/wp-json\/wp\/v2\/pages"}],"about":[{"href":"https:\/\/catolicanet.net\/wp-cnet\/wp-json\/wp\/v2\/types\/page"}],"author":[{"embeddable":true,"href":"https:\/\/catolicanet.net\/wp-cnet\/wp-json\/wp\/v2\/users\/1"}],"replies":[{"embeddable":true,"href":"https:\/\/catolicanet.net\/wp-cnet\/wp-json\/wp\/v2\/comments?post=147"}],"version-history":[{"count":4,"href":"https:\/\/catolicanet.net\/wp-cnet\/wp-json\/wp\/v2\/pages\/147\/revisions"}],"predecessor-version":[{"id":1100,"href":"https:\/\/catolicanet.net\/wp-cnet\/wp-json\/wp\/v2\/pages\/147\/revisions\/1100"}],"wp:attachment":[{"href":"https:\/\/catolicanet.net\/wp-cnet\/wp-json\/wp\/v2\/media?parent=147"}],"curies":[{"name":"wp","href":"https:\/\/api.w.org\/{rel}","templated":true}]}}